{"id":1539,"date":"2019-02-15T14:40:30","date_gmt":"2019-02-15T13:40:30","guid":{"rendered":"https:\/\/1kbsw.p.lodz.pl\/?page_id=1539"},"modified":"2019-06-17T07:26:27","modified_gmt":"2019-06-17T07:26:27","slug":"uczestnicy-kongresu","status":"publish","type":"page","link":"https:\/\/1kbsw.p.lodz.pl\/?page_id=1539","title":{"rendered":"Uczestnicy Kongresu"},"content":{"rendered":"\n<figure class=\"wp-block-image is-resized\"><img loading=\"lazy\" decoding=\"async\" src=\"http:\/\/1kbsw.p.lodz.pl\/wp-content\/uploads\/2019\/02\/uczestnicy.png\" alt=\"\" class=\"wp-image-1552\" width=\"600\" height=\"314\"\/><\/figure>\n\n\n<p>\u00a0<\/p>\n<table>\n<tbody>\n<tr>\n<td width=\"250px\">Anna Abramowska<\/td>\n<td>EBSCO<\/td>\n<\/tr>\n<tr>\n<td>Nathalie Adams<\/td>\n<td>Taylor &amp; Francis Group<\/td>\n<\/tr>\n<tr>\n<td>Dobromi\u0142a Anhalt<\/td>\n<td>Biblioteka Uniwersytetu Kazimierza Wielkiego w Bydgoszczy<\/td>\n<\/tr>\n<tr>\n<td>Piotr Antczak<\/td>\n<td>ABE-IPS Sp. zoo<\/td>\n<\/tr>\n<tr>\n<td>Andrzej Antoniak<\/td>\n<td>Biblioteka Uniwersytecka Uniwersytetu Jana Kochanowskiego w Kielcach<\/td>\n<\/tr>\n<tr>\n<td>Mariola Augustyniak<\/td>\n<td>Biblioteka Uniwersytetu \u0141\u00f3dzkiego<\/td>\n<\/tr>\n<tr>\n<td>prof. dr hab. Wies\u0142aw Babik<\/td>\n<td>Uniwersytet Jagiello\u0144ski w Krakowie<\/td>\n<\/tr>\n<tr>\n<td>Jakub Bajer<\/td>\n<td>Biblioteka Politechniki Pozna\u0144skiej<\/td>\n<\/tr>\n<tr>\n<td>dr in\u017c. Scholastyka Baran<\/td>\n<td>Uniwersytet Warmi\u0144sko-Mazurski w Olsztynie<\/td>\n<\/tr>\n<tr>\n<td>Dorota Bartnik<\/td>\n<td>Biblioteka Uniwersytetu \u0141\u00f3dzkiego<\/td>\n<\/tr>\n<tr>\n<td>Beata Bator<\/td>\n<td>Uniwersytet Jagiello\u0144ski Collegium Medicum Biblioteka Medyczna<\/td>\n<\/tr>\n<tr>\n<td>Anna Bia\u0142ow\u0105s<\/td>\n<td>Podhala\u0144ska Pa\u0144stwowa Wy\u017csza Szko\u0142a Zawodowa w Nowym Targu Biblioteka Uczelniana<\/td>\n<\/tr>\n<tr>\n<td>Renata Birska<\/td>\n<td>Uniwersytet Medyczny w Lublinie<\/td>\n<\/tr>\n<tr>\n<td>Ewa B\u0142aszczyk<\/td>\n<td>Biblioteka G\u0142\u00f3wna. Szko\u0142a G\u0142\u00f3wna Gospodarstwa Wiejskiego w Warszawie<\/td>\n<\/tr>\n<tr>\n<td>Katarzyna B\u0142aszkowska<\/td>\n<td>Biblioteka Politechniki Gda\u0144skiej<\/td>\n<\/tr>\n<tr>\n<td>Maria Bo\u0107kowska<\/td>\n<td>Biblioteka G\u0142\u00f3wna Uniwersytetu Przyrodniczego w Lublinie<\/td>\n<\/tr>\n<tr>\n<td>Maja Bogajczyk<\/td>\n<td>Biblioteka Uniwersytecka w Warszawie<\/td>\n<\/tr>\n<tr>\n<td>Agata Bo\u017cek<\/td>\n<td>Uniwersytet Humanistyczno-Przyrodniczy im. Jana D\u0142ugosza w Cz\u0119stochowie<\/td>\n<\/tr>\n<tr>\n<td>Gillian Brailsford<\/td>\n<td>Elsevier<\/td>\n<\/tr>\n<tr>\n<td>Radek Budzichowski<\/td>\n<td>Clarivate Analytics<\/td>\n<\/tr>\n<tr>\n<td>Aleksandra Burzy\u0144ska<\/td>\n<td>Wy\u017csza Szko\u0142a Bankowa w Gda\u0144sku<\/td>\n<\/tr>\n<tr>\n<td>Dorota Buzdygan<\/td>\n<td>Politechnika Krakowska. Biblioteka<\/td>\n<\/tr>\n<tr>\n<td>Hanna Celoch<\/td>\n<td>Biblioteka Politechniki Lubelskiej<\/td>\n<\/tr>\n<tr>\n<td>dr Aldona Chlewicka-M\u0105czy\u0144ska<\/td>\n<td>Biblioteka Uniwersytetu Kazimierza Wielkiego w Bydgoszczy<\/td>\n<\/tr>\n<tr>\n<td>Magdalena Chromi\u0144ska<\/td>\n<td>Uniwersytet Przyrodniczo-Humanistyczny w Siedlcach<\/td>\n<\/tr>\n<tr>\n<td>dr Sabina Cisek<\/td>\n<td>Uniwersytet Jagiello\u0144ski, Wydzia\u0142 Zarz\u0105dzania i Komunikacji Spo\u0142ecznej, Instytut Informacji Naukowej i Bibliotekoznawstwa<\/td>\n<\/tr>\n<tr>\n<td>Monika Cury\u0142o<\/td>\n<td>Uniwersytet Jagiello\u0144ski<\/td>\n<\/tr>\n<tr>\n<td>Renata \u0106miel<\/td>\n<td>Biblioteka Wydzia\u0142u Nauk o Ziemi Uniwersytetu \u015al\u0105skiego<\/td>\n<\/tr>\n<tr>\n<td>dr Ma\u0142gorzata D\u0105browicz<\/td>\n<td>Biblioteka Uniwersytecka w Poznaniu<\/td>\n<\/tr>\n<tr>\n<td>Danuta D\u0105browska-Charytoniuk<\/td>\n<td>Uniwersytet Medyczny w Bia\u0142ymstoku<\/td>\n<\/tr>\n<tr>\n<td>Anna Delikat<\/td>\n<td>Wy\u017csza Szko\u0142a Bankowa w Toruniu<\/td>\n<\/tr>\n<tr>\n<td>Lidia Derfert-Wolf<\/td>\n<td>Biblioteka G\u0142\u00f3wna Uniwersytetu Technologiczno-Przyrodniczego w Bydgoszczy<\/td>\n<\/tr>\n<tr>\n<td>dr Aneta Drabek<\/td>\n<td>Uniwersytet \u015al\u0105ski w Katowicach<\/td>\n<\/tr>\n<tr>\n<td>Joanna Dziak<\/td>\n<td>Politechnika \u015al\u0105ska, Biblioteka G\u0142\u00f3wna<\/td>\n<\/tr>\n<tr>\n<td>dr Marta Dziewanowska-Pachowska<\/td>\n<td>Biblioteka G\u0142\u00f3wna Uniwersytetu Muzycznego Fryderyka Chopina<\/td>\n<\/tr>\n<tr>\n<td>Marzena Dzio\u0142ak<\/td>\n<td>Pa\u0144stwowa Szko\u0142a Wy\u017csza im. Papie\u017ca Jana Paw\u0142a II w Bia\u0142ej Podlaskiej<\/td>\n<\/tr>\n<tr>\n<td>Maciej Dziubecki<\/td>\n<td>ALEPH Polska<\/td>\n<\/tr>\n<tr>\n<td>El\u017cbieta Edelman<\/td>\n<td>Akademia Morska w Szczecinie<\/td>\n<\/tr>\n<tr>\n<td>Justyna Erd<\/td>\n<td>Biblioteka Uniwersytecka Katolickiego Uniwersytetu Lubelskiego Jana Paw\u0142a II<\/td>\n<\/tr>\n<tr>\n<td>Ma\u0142gorzata Furga\u0142<\/td>\n<td>Biblioteka Politechniki Pozna\u0144skiej<\/td>\n<\/tr>\n<tr>\n<td>Izabela Gajda<\/td>\n<td>Biblioteka Politechniki \u0141\u00f3dzkiej<\/td>\n<\/tr>\n<tr>\n<td>Monika Gajewska<\/td>\n<td>Politechnika Warszawska. Biblioteka G\u0142\u00f3wna<\/td>\n<\/tr>\n<tr>\n<td>Beata Gamrowska<\/td>\n<td>Biblioteka Uniwersytetu \u0141\u00f3dzkiego<\/td>\n<\/tr>\n<tr>\n<td>\n<p>Maria Garczy\u0144ska<\/p>\n<\/td>\n<td>Akademia G\u00f3rniczo-Hutnicza im. Stanis\u0142awa Staszica w Krakowie, Biblioteka G\u0142\u00f3wna<\/td>\n<\/tr>\n<tr>\n<td>Agnieszka Gawry\u015b<\/td>\n<td>Politechnika Warszawska. Biblioteka G\u0142\u00f3wna<\/td>\n<\/tr>\n<tr>\n<td>Patrycja G\u0142uch<\/td>\n<td>ARFIDO<\/td>\n<\/tr>\n<tr>\n<td>Agnieszka Goszczy\u0144ska<\/td>\n<td>Centrum Informacyjno-Biblioteczne Uniwersytetu Medycznego w \u0141odzi<\/td>\n<\/tr>\n<tr>\n<td>Marek M. G\u00f3rski<\/td>\n<td>Politechnika Krakowska. Biblioteka<\/td>\n<\/tr>\n<tr>\n<td>dr Hanna Grabowska<\/td>\n<td>Uniwersytet im. Adama Mickiewicza w Poznaniu. Biblioteka Uniwersytecka<\/td>\n<\/tr>\n<tr>\n<td>Elena Gretkowska<\/td>\n<td>Biblioteka Politechniki Koszali\u0144skiej<\/td>\n<\/tr>\n<tr>\n<td>Anna Grygorowicz<\/td>\n<td>Biblioteka G\u0142\u00f3wna Gda\u0144skiego Uniwersytetu Medycznego<\/td>\n<\/tr>\n<tr>\n<td>Anna Gryta<\/td>\n<td>Biblioteka G\u0142\u00f3wna Zachodniopomorskiego Uniwersytetu Technologicznego w Szczecinie<\/td>\n<\/tr>\n<tr>\n<td>Henryk Hollender<\/td>\n<td>Biblioteka Uczelni \u0141azarskiego<\/td>\n<\/tr>\n<tr>\n<td>\n<p>Patryk Hubar<\/p>\n<\/td>\n<td>Biblioteka Narodowa<\/td>\n<\/tr>\n<tr>\n<td>Veli-Pekka Hyttinen<\/td>\n<td>ACS International<\/td>\n<\/tr>\n<tr>\n<td>Mariola Jackiewicz<\/td>\n<td>Biblioteka Politechniki Koszali\u0144skiej<\/td>\n<\/tr>\n<tr>\n<td>Maria A. Jankowska<\/td>\n<td>UCLA Library, Los Angeles, California<\/td>\n<\/tr>\n<tr>\n<td>Anna Ja\u0144dziak<\/td>\n<td>Biblioteka G\u0142\u00f3wna Politechniki Opolskiej<\/td>\n<\/tr>\n<tr>\n<td>Artur Jazdon<\/td>\n<td>Biblioteka Uniwersytecka w Poznaniu<\/td>\n<\/tr>\n<tr>\n<td>Justyna Jerzyk-Wojtecka<\/td>\n<td>Biblioteka Uniwersytetu \u0141\u00f3dzkiego<\/td>\n<\/tr>\n<tr>\n<td>Iwona Josi\u0144ska<\/td>\n<td>Wy\u017csza Szko\u0142a Bankowa we Wroc\u0142awiu<\/td>\n<\/tr>\n<tr>\n<td>Anna Kazan<\/td>\n<td>Biblioteka Politechniki \u0141\u00f3dzkiej<\/td>\n<\/tr>\n<tr>\n<td>Ewa Kobierska-Maciuszko<\/td>\n<td>Biblioteka Uniwersytecka w Warszawie<\/td>\n<\/tr>\n<tr>\n<td>Justyna Kami\u0144ska-Wolny<\/td>\n<td>Sygnity Business Solutions<\/td>\n<\/tr>\n<tr>\n<td>\n<p>Marcin Kapczy\u0144ski<\/p>\n<\/td>\n<td>Clarivate Analytics<\/td>\n<\/tr>\n<tr>\n<td>Magdalena Kokosi\u0144ska<\/td>\n<td>Centrum Informacyjno-Biblioteczne Uniwersytetu Medycznego w \u0141odzi<\/td>\n<\/tr>\n<tr>\n<td>Piotr Ko\u0142acz<\/td>\n<td>Wydawnictwo Naukowe PWN<\/td>\n<\/tr>\n<tr>\n<td>dr Bogumi\u0142a Konieczny-Rozenfeld<\/td>\n<td>Biblioteka G\u0142\u00f3wna Wojskowej Akademii Technicznej w Warszawie<\/td>\n<\/tr>\n<tr>\n<td>Krzysztof Kowalczyk<\/td>\n<td>ABE-IPS Sp. z o.o.<\/td>\n<\/tr>\n<tr>\n<td>Witold Kozakiewicz<\/td>\n<td>Centrum Informacyjno-Biblioteczne Uniwersytetu Medycznego w \u0141odzi<\/td>\n<\/tr>\n<tr>\n<td>Monika Kucharczyk<\/td>\n<td>Wy\u017csza Szko\u0142a Bankowa w Gda\u0144sku<\/td>\n<\/tr>\n<tr>\n<td>Joanna Kukawska<\/td>\n<td>Akme Archive<\/td>\n<\/tr>\n<tr>\n<td>Maria Kycler<\/td>\n<td>Biblioteka Uniwersytetu \u015alaskiego<\/td>\n<\/tr>\n<tr>\n<td>J\u0119drzej Le\u015bniewski<\/td>\n<td>Politechnika Wroc\u0142awska<\/td>\n<\/tr>\n<tr>\n<td>El\u017cbieta Luzi\u0144ska<\/td>\n<td>Biblioteka Uniwersytetu \u0141\u00f3dzkiego<\/td>\n<\/tr>\n<tr>\n<td>Magdalena \u0141a\u0144ska<\/td>\n<td>Wydzia\u0142 Finans\u00f3w i Zarz\u0105dzania w Bydgoszczy Wy\u017cszej Szko\u0142y Bankowej w Toruniu<\/td>\n<\/tr>\n<tr>\n<td>Gracjana Madejek<\/td>\n<td>Emerald Publishing<\/td>\n<\/tr>\n<tr>\n<td>Marcin Majorkowski<\/td>\n<td>SirsiDynix<\/td>\n<\/tr>\n<tr>\n<td>Marzena Marcinek<\/td>\n<td>Biblioteka Politechniki Krakowskiej<\/td>\n<\/tr>\n<tr>\n<td>Maria Marciniak<\/td>\n<td>Biblioteka Wydzia\u0142u Fizyki, Uniwersytet im. Adama Mickiewicza w Poznaniu<\/td>\n<\/tr>\n<tr>\n<td>Piotr Marcinkowski<\/td>\n<td>BonaSoft<\/td>\n<\/tr>\n<tr>\n<td>Ma\u0142gorzata Mas\u0142o\u0144<\/td>\n<td>Uniwersytet Jagiello\u0144ski Collegium Medicum Biblioteka Medyczna<\/td>\n<\/tr>\n<tr>\n<td>Zbigniew Jan Meller<\/td>\n<td>Wydawnictwo Naukowe PWN<\/td>\n<\/tr>\n<tr>\n<td>Joanna Mendru\u0144<\/td>\n<td>Wy\u017csza Szko\u0142a Bankowa we Wroc\u0142awiu<\/td>\n<\/tr>\n<tr>\n<td>Marek Michaj\u0142owicz<\/td>\n<td>O\u015brodek Przetwarzania Informacji<\/td>\n<\/tr>\n<tr>\n<td>Agnieszka Milewska<\/td>\n<td>Biblioteka G\u0142\u00f3wna Gda\u0144skiego Uniwersytetu Medycznego<\/td>\n<\/tr>\n<tr>\n<td>El\u017cbieta Milewska<\/td>\n<td>Biblioteka G\u0142\u00f3wna. Szko\u0142a G\u0142\u00f3wna Gospodarstwa Wiejskiego w Warszawie<\/td>\n<\/tr>\n<tr>\n<td>Paulina Milewska<\/td>\n<td>Centrum Informacyjno-Biblioteczne Uniwersytetu Medycznego w \u0141odzi, Fundacja Fenomen<\/td>\n<\/tr>\n<tr>\n<td>Christian Motovsky<\/td>\n<td>Ex Libris<\/td>\n<\/tr>\n<tr>\n<td>Magdalena Nagi\u0119\u0107<\/td>\n<td>Biblioteka G\u0142\u00f3wna Uniwersytetu Papieskiego Jana Paw\u0142a II w Krakowie<\/td>\n<\/tr>\n<tr>\n<td>dr hab. Marek Nahotko<\/td>\n<td>Uniwersytet Jagiello\u0144ski<\/td>\n<\/tr>\n<tr>\n<td>Emilia Nowakowska<\/td>\n<td>Politechnika Warszawska. Biblioteka G\u0142\u00f3wna<\/td>\n<\/tr>\n<tr>\n<td>Krzysztof Nowicki<\/td>\n<td>ARFIDO<\/td>\n<\/tr>\n<tr>\n<td>Helena Olszewska<\/td>\n<td>Biblioteka Uniwersytecka UAM<\/td>\n<\/tr>\n<tr>\n<td>Micha\u0142 Pasternak<\/td>\n<td>IPLweb<\/td>\n<\/tr>\n<tr>\n<td>Ma\u0142gorzata Paszkowska<\/td>\n<td>O\u015brodek Przetwarzania Informacji &#8211; Pa\u0144stwowy Instytut Badawczy<\/td>\n<\/tr>\n<tr>\n<td>Damian Piera<\/td>\n<td>EBSCO Information Services<\/td>\n<\/tr>\n<tr>\n<td>Nicol\u00f2 Pierini<\/td>\n<td>Taylor &amp; Francis Group<\/td>\n<\/tr>\n<tr>\n<td>Tomasz Piestrzy\u0144ski<\/td>\n<td>Biblioteka Uniwersytetu \u0141\u00f3dzkiego<\/td>\n<\/tr>\n<tr>\n<td>Ewelina Pisarek<\/td>\n<td>Biblioteka G\u0142\u00f3wna Uniwersytetu Opolskiego<\/td>\n<\/tr>\n<tr>\n<td>Artur Podsiad\u0142y<\/td>\n<td>Biblioteka Uniwersytecka Katolickiego Uniwersytetu Lubelskiego Jana Paw\u0142a II<\/td>\n<\/tr>\n<tr>\n<td>Karolina Pop\u0142awska<\/td>\n<td>Biblioteka Politechniki Pozna\u0144skiej<\/td>\n<\/tr>\n<tr>\n<td>Alicja Portacha<\/td>\n<td>Politechnika Warszawska. Biblioteka G\u0142\u00f3wna<\/td>\n<\/tr>\n<tr>\n<td>Joanna Pot\u0119ga<\/td>\n<td>Akademia Pedagogiki Specjalnej<\/td>\n<\/tr>\n<tr>\n<td>Jacek Radwan<\/td>\n<td>Biblioteka im. prof. Lecha Kalinowskiego Instytut Historii Sztuki Uniwesytetu Jagiello\u0144skiego<\/td>\n<\/tr>\n<tr>\n<td>dr Aleksander Radwa\u0144ski<\/td>\n<td>EBIB<\/td>\n<\/tr>\n<tr>\n<td>Miros\u0142awa Roszczyc<\/td>\n<td>Biblioteka Uniwersytecka im. J.Giedroycia w Bia\u0142ymstoku<\/td>\n<\/tr>\n<tr>\n<td>Miros\u0142awa R\u00f3\u017cycka<\/td>\n<td>Uniwersytet Szczeci\u0144ski Biblioteka G\u0142\u00f3wna<\/td>\n<\/tr>\n<tr>\n<td>Joanna Ruda\u015b<\/td>\n<td>Szko\u0142a G\u0142\u00f3wna Handlowa w Warszawie<\/td>\n<\/tr>\n<tr>\n<td>Krzysztof Rudzi\u0144ski<\/td>\n<td>ABE-IPS<\/td>\n<\/tr>\n<tr>\n<td>Maciej Rynarzewski<\/td>\n<td>Biblioteka Uniwersytecka UWM w Olsztynie<\/td>\n<\/tr>\n<tr>\n<td>Urszula Sasimowicz<\/td>\n<td>Sage Publishing<\/td>\n<\/tr>\n<tr>\n<td>Ran Schweitzer<\/td>\n<td>SpringerNature<\/td>\n<\/tr>\n<tr>\n<td>Kathrin Schwiderski<\/td>\n<td>Statista GmbH<\/td>\n<\/tr>\n<tr>\n<td>Justyna Seiffert<\/td>\n<td>Biblioteka \u015al\u0105skiego Uniwersytetu Medycznego w Katowicach<\/td>\n<\/tr>\n<tr>\n<td>Dominika Sidorska<\/td>\n<td>Uniwersytet Medyczny im. Piast\u00f3w \u015al\u0105skich<\/td>\n<\/tr>\n<tr>\n<td>El\u017cbieta Skuba\u0142a<\/td>\n<td>Biblioteka Politechniki \u0141\u00f3dzkiej<\/td>\n<\/tr>\n<tr>\n<td>Renata S\u0142awi\u0144ska<\/td>\n<td>Uniwersytet Medyczny im. Piast\u00f3w \u015al\u0105skich<\/td>\n<\/tr>\n<tr>\n<td>Iwona Socik<\/td>\n<td>Politechnika Warszawska. Biblioteka G\u0142\u00f3wna<\/td>\n<\/tr>\n<tr>\n<td>dr Iwona S\u00f3jkowska<\/td>\n<td>Biblioteka Politechniki \u0141\u00f3dzkiej, Stowarzyszenie EBIB<\/td>\n<\/tr>\n<tr>\n<td>Bogumi\u0142a Stachura<\/td>\n<td>Pa\u0144stwowa Wy\u017csza Szko\u0142a Zawodowa w Tarnowie<\/td>\n<\/tr>\n<tr>\n<td>dr Sybilla Stanis\u0142awska-Kloc<\/td>\n<td>Wydzia\u0142 Prawa i Administracji Uniwersytetu Jagiello\u0144skiego<\/td>\n<\/tr>\n<tr>\n<td>Krystyna Stenzel<\/td>\n<td>Biblioteka Politechniki \u0141\u00f3dzkiej<\/td>\n<\/tr>\n<tr>\n<td>Edyta Strzelczyk<\/td>\n<td>Politechnika Warszawska. Biblioteka G\u0142\u00f3wna<\/td>\n<\/tr>\n<tr>\n<td>dr Paulina Studzi\u0144ska-Jaksim<\/td>\n<td>Biblioteka G\u0142\u00f3wna Uniwersytetu Przyrodniczego w Lublinie<\/td>\n<\/tr>\n<tr>\n<td>dr Leszek Szafra\u0144ski<\/td>\n<td>Biblioteka Jagiello\u0144ska<\/td>\n<\/tr>\n<tr>\n<td>Aribert Zbigniew Szarejko<\/td>\n<td>H+H Software GmbH<\/td>\n<\/tr>\n<tr>\n<td>Barbara Szczepa\u0144ska<\/td>\n<td>Biblioteka Kancelarii Prawnej Hogan Lovells; Stowarzyszenie EBIB<\/td>\n<\/tr>\n<tr>\n<td>El\u017cbieta Szcz\u0119sny<\/td>\n<td>Sygnity Business Solutions<\/td>\n<\/tr>\n<tr>\n<td>Paulina Szczuci\u0144ska<\/td>\n<td>Fundacja OpenStax Poland<\/td>\n<\/tr>\n<tr>\n<td>Lidia Szczyg\u0142owska<\/td>\n<td>Biblioteka G\u0142\u00f3wna Politechniki Cz\u0119stochowskiej<\/td>\n<\/tr>\n<tr>\n<td>Grzegorz Szczypa<\/td>\n<td>Biblioteka G\u0142\u00f3wna Uniwersytetu Marii Curie-Sk\u0142odowskiej<\/td>\n<\/tr>\n<tr>\n<td>Danuta Szewczyk-K\u0142os<\/td>\n<td>Uniwersytet Opolski Biblioteka G\u0142\u00f3wna<\/td>\n<\/tr>\n<tr>\n<td>Karina Szo\u0142tysik<\/td>\n<td>Wy\u017csza Szko\u0142a Bankowa w Poznaniu Wydzia\u0142 Zamiejscowy w Chorzowie<\/td>\n<\/tr>\n<tr>\n<td>Agnieszka Szymczak<\/td>\n<td>Biblioteka G\u0142\u00f3wna Uniwersytetu Przyrodniczego w Lublinie<\/td>\n<\/tr>\n<tr>\n<td>Roman Tabisz<\/td>\n<td>Biblioteka Uniwersytetu Gda\u0144skiego<\/td>\n<\/tr>\n<tr>\n<td>Dorota Tkaczyk<\/td>\n<td>Politechnika Lubelska<\/td>\n<\/tr>\n<tr>\n<td>El\u017cbieta Tomczak<\/td>\n<td>Biblioteka G\u0142\u00f3wna Uniwersytetu Technologiczno-Pzyrodniczego w Bydgoszczy<\/td>\n<\/tr>\n<tr>\n<td>Anna Tonakiewicz-Ko\u0142osowska<\/td>\n<td>Politechnika Warszawska. Biblioteka G\u0142\u00f3wna<\/td>\n<\/tr>\n<tr>\n<td>Barbara Tyc<\/td>\n<td>Biblioteka Wydzia\u0142u Nauk o Ziemi Uniwersytetu \u015al\u0105skiego<\/td>\n<\/tr>\n<tr>\n<td>Anna Tyczka<\/td>\n<td>Biblioteka \u015al\u0105skiego Uniwersytetu Medycznego w Katowicach<\/td>\n<\/tr>\n<tr>\n<td>Bogumi\u0142a Urszula Urban<\/td>\n<td>Wy\u017csza Szko\u0142a Bankowa w Poznaniu Wydzia\u0142 Zamiejscowy w Chorzowie<\/td>\n<\/tr>\n<tr>\n<td>dr Bogumi\u0142a Warz\u0105chowska<\/td>\n<td>Uniwersytet \u015al\u0105ski Biblioteka Teologiczna<\/td>\n<\/tr>\n<tr>\n<td>Anna Wasilewska<\/td>\n<td>Politechnika Warszawska. Biblioteka G\u0142\u00f3wna<\/td>\n<\/tr>\n<tr>\n<td>Katarzyna Wasiluk-Cieluch<\/td>\n<td>Biblioteka Wy\u017cszej Szko\u0142y Bankowej we Wroc\u0142awiu<\/td>\n<\/tr>\n<tr>\n<td>Honorata Werszler<\/td>\n<td>Politechnika Wroc\u0142awska<\/td>\n<\/tr>\n<tr>\n<td>Dorota Wierzbicka-Pr\u00f3chniak<\/td>\n<td>Uniwersytet Opolski &#8211; Biblioteka G\u0142\u00f3wna<\/td>\n<\/tr>\n<tr>\n<td>Natalia Wi\u015bniewska<\/td>\n<td>Biblioteka G\u0142\u00f3wna Gda\u0144skiego Uniwersytetu Medycznego<\/td>\n<\/tr>\n<tr>\n<td>Renata W\u0142odarczyk<\/td>\n<td>EBSCO<\/td>\n<\/tr>\n<tr>\n<td>Agnieszka Wola\u0144ska<\/td>\n<td>Biblioteka Centrum Studi\u00f3w Niemieckich i Europejskich im.Willy&#8217;ego Brandta Uniwersytet Wroc\u0142awski<\/td>\n<\/tr>\n<tr>\n<td>Monika Woli\u0144ska<\/td>\n<td>Akademia Ignatianum<\/td>\n<\/tr>\n<tr>\n<td>Anna Wo\u0142odko<\/td>\n<td>Biblioteka Uniwersytecka w Warszawie<\/td>\n<\/tr>\n<tr>\n<td>Barbara Wo\u017aniak<\/td>\n<td>Biblioteka G\u0142\u00f3wna Uniwersytetu Marii Curie-Sk\u0142odowskiej<\/td>\n<\/tr>\n<tr>\n<td>dr Dariusz Wo\u017aniak<\/td>\n<td>Wy\u017csza Szko\u0142a Biznesu \u2013 National-Louis University<\/td>\n<\/tr>\n<tr>\n<td>Jannik Wunderow<\/td>\n<td>Statista GmbH<\/td>\n<\/tr>\n<tr>\n<td>Natalia Wysmyk<\/td>\n<td>Biblioteka Politechniki Gda\u0144skiej<\/td>\n<\/tr>\n<tr>\n<td>Patrycja Zaj\u0105c<\/td>\n<td>Uniwersytet Przyrodniczo-Humanistyczny w Siedlcach<\/td>\n<\/tr>\n<tr>\n<td>Anna Zieli\u0144ska<\/td>\n<td>Biblioteka Uczelni \u0141azarskiego<\/td>\n<\/tr>\n<tr>\n<td>Agata \u017burowska<\/td>\n<td>Wy\u017csza Szko\u0142a Bankowa w Toruniu<\/td>\n<\/tr>\n<\/tbody>\n<\/table>\n<p><span style=\"color: #808080;\"><em>Aktualizacja: 31.05.2019<\/em><\/span><\/p>\n<p>\u00a0<\/p>","protected":false},"excerpt":{"rendered":"<p>\t\t\t\t<![CDATA[]]>\t\t<\/p>\n","protected":false},"author":3,"featured_media":0,"parent":0,"menu_order":0,"comment_status":"closed","ping_status":"closed","template":"","meta":{"footnotes":""},"class_list":["post-1539","page","type-page","status-publish","hentry"],"_links":{"self":[{"href":"https:\/\/1kbsw.p.lodz.pl\/index.php?rest_route=\/wp\/v2\/pages\/1539","targetHints":{"allow":["GET"]}}],"collection":[{"href":"https:\/\/1kbsw.p.lodz.pl\/index.php?rest_route=\/wp\/v2\/pages"}],"about":[{"href":"https:\/\/1kbsw.p.lodz.pl\/index.php?rest_route=\/wp\/v2\/types\/page"}],"author":[{"embeddable":true,"href":"https:\/\/1kbsw.p.lodz.pl\/index.php?rest_route=\/wp\/v2\/users\/3"}],"replies":[{"embeddable":true,"href":"https:\/\/1kbsw.p.lodz.pl\/index.php?rest_route=%2Fwp%2Fv2%2Fcomments&post=1539"}],"version-history":[{"count":84,"href":"https:\/\/1kbsw.p.lodz.pl\/index.php?rest_route=\/wp\/v2\/pages\/1539\/revisions"}],"predecessor-version":[{"id":2647,"href":"https:\/\/1kbsw.p.lodz.pl\/index.php?rest_route=\/wp\/v2\/pages\/1539\/revisions\/2647"}],"wp:attachment":[{"href":"https:\/\/1kbsw.p.lodz.pl\/index.php?rest_route=%2Fwp%2Fv2%2Fmedia&parent=1539"}],"curies":[{"name":"wp","href":"https:\/\/api.w.org\/{rel}","templated":true}]}}