{"id":860,"date":"2018-11-22T13:18:20","date_gmt":"2018-11-22T12:18:20","guid":{"rendered":"https:\/\/1kbsw.p.lodz.pl\/?page_id=860"},"modified":"2019-11-20T09:59:17","modified_gmt":"2019-11-20T09:59:17","slug":"prelegenci","status":"publish","type":"page","link":"https:\/\/1kbsw.p.lodz.pl\/?page_id=860","title":{"rendered":"Prelegenci"},"content":{"rendered":"<p>WYST\u0104PIENIA ZAMAWIANE<\/p>\n<ul>\n<li><a href=\"#cisek\">dr Sabina Cisek<\/a><\/li>\n<li><a href=\"#derfert\">Lidia Derfert-Wolf i Maciej Rynarzewski<\/a><\/li>\n<li><a href=\"#drabek\">dr Aneta Drabek<\/a><\/li>\n<li><a href=\"#hollender\">dr Henryk Hollender<\/a><\/li>\n<li><a href=\"#jankowska\">dr Maria A. Jankowska<\/a><\/li>\n<li><a href=\"#jazdon\">dr hab. Artur Jazdon<\/a><\/li>\n<li><a href=\"#kozakiewicz\">Witold Kozakiewicz<\/a><\/li>\n<li><a href=\"#nahotko\">dr hab. Marek Nahotko<\/a><\/li>\n<li><a href=\"#paszkowska\">Ma\u0142gorzata Paszkowska i Marek Michaj\u0142owicz<\/a><\/li>\n<li><a href=\"#radwanski\">dr Aleksander Radwa\u0144ski<\/a><\/li>\n<li><a href=\"#szczepanska\">Barbara Szczepa\u0144ska<\/a><\/li>\n<li><a href=\"#wozniak\">dr Dariusz Wo\u017aniak<\/a><\/li>\n<\/ul>\n<hr \/>\n<p><a href=\"#z\">WYST\u0104PIENIA ZG\u0141OSZONE<\/a><\/p>\n<ul>\n<li><a href=\"#curylo\">Monika Cury\u0142o<\/a><\/li>\n<li><a href=\"#goszczynska\">Agnieszka Goszczy\u0144ska<\/a><\/li>\n<li><a href=\"#grabowska\">dr Hanna Grabowska<\/a><\/li>\n<li><a href=\"#grygorowicz\">Anna Grygorowicz, Agnieszka Milewska i Natalia Wi\u015bniewska<\/a><\/li>\n<li><a href=\"#kokosinska\">Magdalena Kokosi\u0144ska<\/a><\/li>\n<li><a href=\"#marcinek\">Marzena Marcinek i dr Iwona S\u00f3jkowska<\/a><\/li>\n<li><a href=\"#milewska-p\">Paulina Milewska<\/a><\/li>\n<li><a href=\"#radwan\">Jacek Marek Radwan<\/a><\/li>\n<li><a href=\"#seiffert\">Justyna Seiffert<\/a><\/li>\n<li><a href=\"#strzelczyk\"> Edyta Strzelczyk<\/a><\/li>\n<li><a href=\"#strzelczyk\"> dr Leszek Szafra\u0144ski<\/a><\/li>\n<li><a href=\"#szczucinska\">Paulina Szczuci\u0144ska<\/a><\/li>\n<li><a href=\"#wierzbicka\">Dorota Wierzbicka-Pr\u00f3chniak i Danuta Szewczyk-K\u0142os<\/a><\/li>\n<li><a href=\"#wolanska\">Agnieszka Wola\u0144ska<\/a><\/li>\n<li><a href=\"#wysmyk\">Natalia Wysmyk<\/a><\/li>\n<\/ul>\n<hr \/>\n<p style=\"text-align: center;\"><strong>WYST\u0104PIENIA ZAMAWIANE<br \/><\/strong><\/p>\n<hr \/>\n<p><a name=\"cisek\"><\/a><img loading=\"lazy\" decoding=\"async\" src=\"\/wp-content\/uploads\/2019\/01\/Cisek.png\" alt=\"\" width=\"200\" height=\"200\" \/><br \/><strong>dr Sabina Cisek <\/strong><br \/>Uniwersytet Jagiello\u0144ski w Krakowie<br \/>Biogram         <div class=\"rmwr-wrapper\" \n             data-id=\"rmwr-69f31dfd88231\"\n             data-mode=\"normal\"\n             data-animation=\"fade\"\n             data-duration=\"300\"\n             data-smooth-scroll=\"true\"\n             data-scroll-offset=\"0\">\n            <button \n                type=\"button\"\n                class=\"read-link\" \n                id=\"readlinkrmwr-69f31dfd88231\"\n                data-open-text=\"Wi\u0119cej\"\n                data-close-text=\"Mniej\"\n                aria-expanded=\"false\"\n                aria-controls=\"readrmwr-69f31dfd88231\"\n                aria-label=\"Wi\u0119cej\"\n            >\n                <span class=\"rmwr-text\">Wi\u0119cej<\/span>\n            <\/button>\n            <div \n                class=\"read_div\" \n                id=\"readrmwr-69f31dfd88231\"\n                aria-hidden=\"true\"\n                data-animation=\"fade\"\n                data-duration=\"300\"\n                style=\"display: none;\"\n            >\n                 Wieloletni pracownik Instytutu Informacji Naukowej i Bibliotekoznawstwa Uniwersytetu Jagiello\u0144skiego w Krakowie. Interesuje si\u0119 filozofi\u0105, metodologi\u0105 i teori\u0105 informatologii, informacj\u0105 biznesow\u0105 i infobrokeringiem oraz kompetencjami i zachowaniami informacyjnymi. Autorka, wsp\u00f3\u0142autorka i redaktorka naukowa 75 publikacji, w tym ksi\u0105\u017cki pt. &#8222;Inspiracje i innowacje: zarz\u0105dzanie informacj\u0105 w perspektywie bibliologii i informatologii&#8221; (Krak\u00f3w 2016), hase\u0142: broker informacji, informacja, u\u017cytkownik informacji i zachowania informacyjne w &#8222;Encyklopedii ksi\u0105\u017cki &#8221; (Wroc\u0142aw 2017) oraz licznych opracowa\u0144 metodologicznych, ostatnio \u2013 &#8222;Diagnostyka kompetencji informacyjnych w miejscu pracy \u2013 technika incydent\u00f3w krytycznych&#8221; (Diagnostyka w zarz\u0105dzaniu informacj\u0105: perspektywa informatologiczna, Krak\u00f3w 2017). Jest cz\u0142onkiem ISKO (International Society for Knowledge Organization), rady programowej cyklicznej konferencji ECIL (European Conference on Information Literacy) oraz Stowarzyszenia Profesjonalist\u00f3w Informacji. Pe\u0142ni funkcj\u0119 recenzenta najwa\u017cniejszych polskich czasopism z zakresu nauki o informacji i dziedzin pokrewnych, takich jak \u201eBibliotheca Nostra\u201d i \u201eZagadnienia Informacji Naukowej \u2013 Studia Informacyjne\u201d.             <\/div>\n        <\/div>\n         <strong>Przegl\u0105d organizacji bibliotek szk\u00f3\u0142 wy\u017cszych na \u015bwiecie <\/strong>        <div class=\"rmwr-wrapper\" \n             data-id=\"rmwr-69f31dfd8830f\"\n             data-mode=\"normal\"\n             data-animation=\"fade\"\n             data-duration=\"300\"\n             data-smooth-scroll=\"true\"\n             data-scroll-offset=\"0\">\n            <button \n                type=\"button\"\n                class=\"read-link\" \n                id=\"readlinkrmwr-69f31dfd8830f\"\n                data-open-text=\"Wi\u0119cej\"\n                data-close-text=\"Mniej\"\n                aria-expanded=\"false\"\n                aria-controls=\"readrmwr-69f31dfd8830f\"\n                aria-label=\"Wi\u0119cej\"\n            >\n                <span class=\"rmwr-text\">Wi\u0119cej<\/span>\n            <\/button>\n            <div \n                class=\"read_div\" \n                id=\"readrmwr-69f31dfd8830f\"\n                aria-hidden=\"true\"\n                data-animation=\"fade\"\n                data-duration=\"300\"\n                style=\"display: none;\"\n            >\n                 Referat omawia wsp\u00f3\u0142czesn\u0105 dzia\u0142alno\u015b\u0107 wybranych zagranicznych organizacji bibliotek szk\u00f3\u0142 wy\u017cszych, min. ACRL &#8211; Association of College and Research Libraries, SCONUL &#8211; Society of College, National and University Libraries oraz CAUL &#8211; Council of Australian University Librarians. Przedstawiono wiod\u0105ce kierunki ich aktywno\u015bci, ze szczeg\u00f3lnym uwzgl\u0119dnieniem tw\u00f3rczych inicjatyw i dobrych praktyk, kt\u00f3re mog\u0105 sta\u0107 si\u0119 inspiracj\u0105 dla podobnych przedsi\u0119wzi\u0119\u0107 w Polsce. Wskazano na zadania i znaczenie akademickich organizacji bibliotekarskich dla rozwoju edukacji wy\u017cszej i nauki, a tak\u017ce &#8211; dla doskonalenia pracy bibliotekarzy i specjalist\u00f3w informacji, w kontek\u015bcie cech i wymog\u00f3w dzisiejszego \u015brodowiska informacyjnego, gospodarczego i kulturowo-spo\u0142ecznego.             <\/div>\n        <\/div>\n         <a href=\"http:\/\/1kbsw.p.lodz.pl\/wp-content\/uploads\/2019\/07\/2019-06-Cisek.pdf\" target=\"_blank\" rel=\"noopener noreferrer\">prezentacja (pdf)<\/a><\/p>\n<hr \/>\n<p><a name=\"derfert\"><\/a><br \/><img loading=\"lazy\" decoding=\"async\" src=\"http:\/\/1kbsw.p.lodz.pl\/wp-content\/uploads\/2019\/01\/Derfert.png\" alt=\"\" width=\"200\" height=\"200\" \/><br \/><strong>Lidia Derfert-Wolf<\/strong><br \/>Biblioteka G\u0142\u00f3wna Uniwersytetu Technologiczno-Przyrodniczego w Bydgoszczy; Stowarzyszenie EBIB<br \/>Biogram         <div class=\"rmwr-wrapper\" \n             data-id=\"rmwr-69f31dfd8833a\"\n             data-mode=\"normal\"\n             data-animation=\"fade\"\n             data-duration=\"300\"\n             data-smooth-scroll=\"true\"\n             data-scroll-offset=\"0\">\n            <button \n                type=\"button\"\n                class=\"read-link\" \n                id=\"readlinkrmwr-69f31dfd8833a\"\n                data-open-text=\"Wi\u0119cej\"\n                data-close-text=\"Mniej\"\n                aria-expanded=\"false\"\n                aria-controls=\"readrmwr-69f31dfd8833a\"\n                aria-label=\"Wi\u0119cej\"\n            >\n                <span class=\"rmwr-text\">Wi\u0119cej<\/span>\n            <\/button>\n            <div \n                class=\"read_div\" \n                id=\"readrmwr-69f31dfd8833a\"\n                aria-hidden=\"true\"\n                data-animation=\"fade\"\n                data-duration=\"300\"\n                style=\"display: none;\"\n            >\n                 Bibliotekarz dyplomowany w Uniwersytecie Technologiczno-Przyrodniczym w Bydgoszczy. Uko\u0144czy\u0142a bibliotekoznawstwo i informacj\u0119 naukow\u0105 na UAM w Poznaniu. Swoje zainteresowania skupia wok\u00f3\u0142 dzia\u0142alno\u015bci informacyjnej bibliotek, baz danych, otwartego dost\u0119pu i kszta\u0142cenia u\u017cytkownik\u00f3w informacji. Zajmuje si\u0119 r\u00f3wnie\u017c statystyk\u0105 biblioteczn\u0105 i ocen\u0105 efektywno\u015bci bibliotek. Jest cz\u0142onkiem zespo\u0142u AFBN, kierownikiem zespo\u0142u StatEL, koordynatorem merytorycznym bazy danych BazTech, redaktorem naczelnym \u201eBiuletynu EBIB\u201d i redaktorem mi\u0119dzynarodowego repozytorium E-LIS.             <\/div>\n        <\/div>\n        <\/p>\n<p><strong><img decoding=\"async\" src=\"http:\/\/1kbsw.p.lodz.pl\/wp-content\/uploads\/2019\/01\/Rynarzewski.png\" alt=\"\" width=\"200\" \/><\/strong><br \/><strong>Maciej Rynarzewski<\/strong><br \/>Biblioteka Uniwersytecka UWM w Olsztynie<br \/>Biogram         <div class=\"rmwr-wrapper\" \n             data-id=\"rmwr-69f31dfd8835f\"\n             data-mode=\"normal\"\n             data-animation=\"fade\"\n             data-duration=\"300\"\n             data-smooth-scroll=\"true\"\n             data-scroll-offset=\"0\">\n            <button \n                type=\"button\"\n                class=\"read-link\" \n                id=\"readlinkrmwr-69f31dfd8835f\"\n                data-open-text=\"Wi\u0119cej\"\n                data-close-text=\"Mniej\"\n                aria-expanded=\"false\"\n                aria-controls=\"readrmwr-69f31dfd8835f\"\n                aria-label=\"Wi\u0119cej\"\n            >\n                <span class=\"rmwr-text\">Wi\u0119cej<\/span>\n            <\/button>\n            <div \n                class=\"read_div\" \n                id=\"readrmwr-69f31dfd8835f\"\n                aria-hidden=\"true\"\n                data-animation=\"fade\"\n                data-duration=\"300\"\n                style=\"display: none;\"\n            >\n                 Od 2008 r. pracuje w Bibliotece Uniwersyteckiej UWM w Olsztynie (obecnie Sekcja Promocji). Od 2011 r. dodatkowo prowadzi w\u0142asn\u0105 firm\u0119 \u2013 Mikroagencj\u0119 Kreatywn\u0105. Zajmuje si\u0119 projektowaniem stron WWW, grafiki (w tym tak\u017ce infografiki) i materia\u0142\u00f3w na potrzeby druku i nowych medi\u00f3w. Od 2009 r. publikuje na swoim blogu Pulowerek.pl. Od kilku lat prowadzi szkolenia i warsztaty dla bibliotekarzy w ca\u0142ej Polsce, \u0142\u0105cz\u0105c swoje do\u015bwiadczenia z pracy w bibliotece z umiej\u0119tno\u015bciami zdobytymi w pracy projektanta i grafika.             <\/div>\n        <\/div>\n         <strong>Kim jeste\u015bmy, co robimy, czym dysponujemy \u2013 \u015brodowisko bibliotek szk\u00f3\u0142 wy\u017cszych w Polsce<br \/><\/strong>        <div class=\"rmwr-wrapper\" \n             data-id=\"rmwr-69f31dfd88382\"\n             data-mode=\"normal\"\n             data-animation=\"fade\"\n             data-duration=\"300\"\n             data-smooth-scroll=\"true\"\n             data-scroll-offset=\"0\">\n            <button \n                type=\"button\"\n                class=\"read-link\" \n                id=\"readlinkrmwr-69f31dfd88382\"\n                data-open-text=\"Wi\u0119cej\"\n                data-close-text=\"Mniej\"\n                aria-expanded=\"false\"\n                aria-controls=\"readrmwr-69f31dfd88382\"\n                aria-label=\"Wi\u0119cej\"\n            >\n                <span class=\"rmwr-text\">Wi\u0119cej<\/span>\n            <\/button>\n            <div \n                class=\"read_div\" \n                id=\"readrmwr-69f31dfd88382\"\n                aria-hidden=\"true\"\n                data-animation=\"fade\"\n                data-duration=\"300\"\n                style=\"display: none;\"\n            >\n                 Strzeszczenie: Wyst\u0105pienie b\u0119dzie pr\u00f3b\u0105 analizy sytuacyjnej bibliotek szk\u00f3\u0142 wy\u017cszych w Polsce, w oparciu o dane statystyczne (GUS) i wska\u017aniki funkcjonalno\u015bci (AFBN). Dla zobrazowania trend\u00f3w w wybranych obszarach, dane zostan\u0105 zaprezentowane na przestrzeni kilku\/kilkunastu lat. Celem prezentacji ma by\u0107 zainicjowanie dyskusji o kondycji polskich bibliotek szk\u00f3\u0142 wy\u017cszych. Zaprezentowany materia\u0142 \u2013 ilustrowany wykresami i infografikami \u2013 b\u0119dzie r\u00f3wnie\u017c m\u00f3g\u0142 s\u0142u\u017cy\u0107 bibliotekarzom do por\u00f3wna\u0144 z podobnymi \u015brodowiskami za granic\u0105 oraz do dzia\u0142a\u0144 rzeczniczych i kszta\u0142towania relacji z otoczeniem, szczeg\u00f3lnie w swoich uczelniach.             <\/div>\n        <\/div>\n         <a href=\"http:\/\/1kbsw.p.lodz.pl\/wp-content\/uploads\/2019\/11\/2019-06-Derfert-Rynarzewski.pdf\" target=\"_blank\" rel=\"noopener noreferrer\">prezentacja (pdf)<\/a><\/p>\n<hr \/>\n<p><a name=\"drabek\"><\/a><br \/><img decoding=\"async\" src=\"http:\/\/1kbsw.p.lodz.pl\/wp-content\/uploads\/2019\/01\/Drabek.png\" alt=\"\" width=\"200\" \/><br \/><strong>dr Aneta Drabek<\/strong><br \/>Biblioteka Uniwersytetu \u015al\u0105skiego<br \/>Biogram         <div class=\"rmwr-wrapper\" \n             data-id=\"rmwr-69f31dfd883a5\"\n             data-mode=\"normal\"\n             data-animation=\"fade\"\n             data-duration=\"300\"\n             data-smooth-scroll=\"true\"\n             data-scroll-offset=\"0\">\n            <button \n                type=\"button\"\n                class=\"read-link\" \n                id=\"readlinkrmwr-69f31dfd883a5\"\n                data-open-text=\"Wi\u0119cej\"\n                data-close-text=\"Mniej\"\n                aria-expanded=\"false\"\n                aria-controls=\"readrmwr-69f31dfd883a5\"\n                aria-label=\"Wi\u0119cej\"\n            >\n                <span class=\"rmwr-text\">Wi\u0119cej<\/span>\n            <\/button>\n            <div \n                class=\"read_div\" \n                id=\"readrmwr-69f31dfd883a5\"\n                aria-hidden=\"true\"\n                data-animation=\"fade\"\n                data-duration=\"300\"\n                style=\"display: none;\"\n            >\n                 Starszy kustosz dyplomowany w Bibliotece Uniwersytetu \u015al\u0105skiego, absolwentka Instytutu Bibliotekoznawstwa i Informacji Naukowej Uniwersytetu \u015al\u0105skiego. Od ponad 13 lat wsp\u00f3\u0142tworzy baz\u0119 Arianta \u2013 Naukowe i Bran\u017cowe Polskie Czasopisma Elektroniczne. Prowadzi badania skupione wok\u00f3\u0142 bibliometrii i naukometrii (zw\u0142aszcza zagadnie\u0144 zwi\u0105zanych z ocen\u0105 czasopism i analiz\u0105 cytowa\u0144), a tak\u017ce czasopism elektronicznych. Cz\u0142onkini Scholarly Communication Research Group, kt\u00f3rej dzia\u0142alno\u015b\u0107 koncentruje si\u0119 na komunikacji naukowej, ewaluacji nauki, polityce naukowej oraz bibliometrii.             <\/div>\n        <\/div>\n         <strong>Rola biblioteki naukowej w nowej ocenie parametrycznej <\/strong>        <div class=\"rmwr-wrapper\" \n             data-id=\"rmwr-69f31dfd883c8\"\n             data-mode=\"normal\"\n             data-animation=\"fade\"\n             data-duration=\"300\"\n             data-smooth-scroll=\"true\"\n             data-scroll-offset=\"0\">\n            <button \n                type=\"button\"\n                class=\"read-link\" \n                id=\"readlinkrmwr-69f31dfd883c8\"\n                data-open-text=\"Wi\u0119cej\"\n                data-close-text=\"Mniej\"\n                aria-expanded=\"false\"\n                aria-controls=\"readrmwr-69f31dfd883c8\"\n                aria-label=\"Wi\u0119cej\"\n            >\n                <span class=\"rmwr-text\">Wi\u0119cej<\/span>\n            <\/button>\n            <div \n                class=\"read_div\" \n                id=\"readrmwr-69f31dfd883c8\"\n                aria-hidden=\"true\"\n                data-animation=\"fade\"\n                data-duration=\"300\"\n                style=\"display: none;\"\n            >\n                 Reforma szkolnictwa wy\u017cszego sprawi\u0142a, \u017ce wszyscy jej uczestnicy pr\u00f3buj\u0105 na nowo zdefiniowa\u0107 swoje role. Nie jest to proste, bo opr\u00f3cz ustalania nowych struktur na uczelniach, tworzenia statut\u00f3w i nowych strategii, trzeba jeszcze wykonywa\u0107 zadania podstawowe: kszta\u0142ci\u0107, prowadzi\u0107 badania naukowe, publikowa\u0107. W 2021 roku czeka nas ocena parametryczna, kt\u00f3ra nada nowe kategorie naukowe, okre\u015bli poziom finansowania i sprawi, \u017ce niekt\u00f3re uczelnie b\u0119d\u0105 mog\u0142y uzyska\u0107 wy\u017cszy status i wy\u017csz\u0105 dotacj\u0119. Biblioteki szk\u00f3\u0142 wy\u017cszych ju\u017c w poprzedniej ocenie parametrycznej odegra\u0142y bardzo wa\u017cn\u0105 rol\u0119 przygotowuj\u0105c dane, weryfikuj\u0105c je i dbaj\u0105c o kompletno\u015b\u0107 przekazywanych informacji. Kolejna ocena niesie ze sob\u0105 jeszcze wi\u0119cej wyzwa\u0144 i zada\u0144 do zrealizowania. W zwi\u0105zku tym warto zastanowi\u0107 si\u0119 jak mo\u017cna spo\u017cytkowa\u0107 potencja\u0142 bibliotek i zainteresowa\u0107 nim w\u0142adze uczelni oraz pracownik\u00f3w naukowych. Dzia\u0142ania te mog\u0105 okaza\u0107 si\u0119 korzystne dla obu stron: pracownicy naukowi otrzymaj\u0105 niezb\u0119dne wsparcie, a biblioteki wzmocni\u0105 swoj\u0105 pozycj\u0119 i przestan\u0105 by\u0107 postrzegane przede wszystkim przez pryzmat jednego z zada\u0144, kt\u00f3re wykonuj\u0105, czyli wypo\u017cyczania zbior\u00f3w.            <\/div>\n        <\/div>\n         <a href=\"http:\/\/1kbsw.p.lodz.pl\/wp-content\/uploads\/2019\/07\/2019-07-Drabek.pdf\" target=\"_blank\" rel=\"noopener noreferrer\">prezentacja (pdf)<\/a><\/p>\n<hr \/>\n<p><a name=\"hollender\"><\/a><br \/><img decoding=\"async\" src=\"http:\/\/1kbsw.p.lodz.pl\/wp-content\/uploads\/2019\/01\/Hollender.png\" alt=\"\" width=\"200\" \/><br \/><strong>dr Henryk Hollender<\/strong><br \/>Biblioteka Uczelni \u0141azarskiego<br \/>Biogram         <div class=\"rmwr-wrapper\" \n             data-id=\"rmwr-69f31dfd883e9\"\n             data-mode=\"normal\"\n             data-animation=\"fade\"\n             data-duration=\"300\"\n             data-smooth-scroll=\"true\"\n             data-scroll-offset=\"0\">\n            <button \n                type=\"button\"\n                class=\"read-link\" \n                id=\"readlinkrmwr-69f31dfd883e9\"\n                data-open-text=\"Wi\u0119cej\"\n                data-close-text=\"Mniej\"\n                aria-expanded=\"false\"\n                aria-controls=\"readrmwr-69f31dfd883e9\"\n                aria-label=\"Wi\u0119cej\"\n            >\n                <span class=\"rmwr-text\">Wi\u0119cej<\/span>\n            <\/button>\n            <div \n                class=\"read_div\" \n                id=\"readrmwr-69f31dfd883e9\"\n                aria-hidden=\"true\"\n                data-animation=\"fade\"\n                data-duration=\"300\"\n                style=\"display: none;\"\n            >\n                 Doktor nauk humanistycznych, absolwent podyplomowego bibliotekoznawstwa w Kent State University (USA). Dyrektor Biblioteki Uczelni \u0141azarskiego, wcze\u015bniej dyrektor bibliotek naukowych i (od 1977 r.) pracownik Instytutu Bibliotekoznawstwa i Informacji Naukowej UW. Autor prac bibliotekoznawczych, redaktor i t\u0142umacz.             <\/div>\n        <\/div>\n         <strong>Mityczny polski bibliotekarz, prawie naukowiec <\/strong>        <div class=\"rmwr-wrapper\" \n             data-id=\"rmwr-69f31dfd8840e\"\n             data-mode=\"normal\"\n             data-animation=\"fade\"\n             data-duration=\"300\"\n             data-smooth-scroll=\"true\"\n             data-scroll-offset=\"0\">\n            <button \n                type=\"button\"\n                class=\"read-link\" \n                id=\"readlinkrmwr-69f31dfd8840e\"\n                data-open-text=\"Wi\u0119cej\"\n                data-close-text=\"Mniej\"\n                aria-expanded=\"false\"\n                aria-controls=\"readrmwr-69f31dfd8840e\"\n                aria-label=\"Wi\u0119cej\"\n            >\n                <span class=\"rmwr-text\">Wi\u0119cej<\/span>\n            <\/button>\n            <div \n                class=\"read_div\" \n                id=\"readrmwr-69f31dfd8840e\"\n                aria-hidden=\"true\"\n                data-animation=\"fade\"\n                data-duration=\"300\"\n                style=\"display: none;\"\n            >\n                 Bibliotekarze akademiccy zaczynaj\u0105 postrzega\u0107 si\u0119 jako przystawk\u0119 do system\u00f3w technicznych obs\u0142uguj\u0105cych informacj\u0119 naukow\u0105, za\u015b \u017ar\u00f3d\u0142o korzy\u015bci moralnych i spo\u0142ecznych, w tym materialnych, upatruj\u0105 w odzyskaniu statusu nauczyciela akademickiego. Wizja tego \u201enauczycielstwa\u201d ma dwie zasadnicze cechy, kt\u00f3re sk\u0142aniaj\u0105 nas, by j\u0105 odrzuci\u0107: ekskluzywno\u015b\u0107 i folklorystyczno\u015b\u0107. Zawiera mianowicie propozycj\u0119 tylko dla nielicznych, woln\u0105 od ca\u0142o\u015bciowego postrzegania misji bibliotekarza, a skonstruowana jest zgodnie z popularnym pojmowaniem nauki jako wyr\u00f3\u017cnienia, przyznawanego za osi\u0105gni\u0119cie okre\u015blonych parametr\u00f3w. Nie ma zatem w sobie zgo\u0142a niczego oryginalnie bibliotekarskiego, a w swojej nieoryginalno\u015bci powiela b\u0142\u0119dy pope\u0142niane przez polsk\u0105 polityk\u0119 naukow\u0105, t\u0119 neoliberaln\u0105 i t\u0119 narodowo-autorytarn\u0105. Nawi\u0105zuje te\u017c do swoistego mitu o w\u0142asnej uczono\u015bci, piel\u0119gnowanego od dekad przez bibliotekarzy zbior\u00f3w specjalnych. Zamiast tej wizji proponujemy powr\u00f3t do pracy nad pragmatyk\u0105 zawodow\u0105 i oparcie jej na warto\u015bciach, kt\u00f3re upatrujemy w zadaniach bibliotekarza jako organizatora wiedzy, moderatora dyskurs\u00f3w, kuratora zasob\u00f3w i proces\u00f3w. Miary osi\u0105gni\u0119\u0107 w tym zakresie mo\u017ce dostarcza\u0107 jedynie ca\u0142o\u015bciowa ocena dorobku zawodowego, w tym ewentualnie, cho\u0107 niekoniecznie \u2013 naukowego, a \u017ar\u00f3d\u0142em takiej oceny by\u0107 niezale\u017cne, obdarzone autorytetem i transparentnie dzia\u0142aj\u0105ce cia\u0142o krajowe lub mi\u0119dzynarodowe. Jego certyfikat \u2013 lub mo\u017ce jeden z udzielanych certyfikat\u00f3w \u2013 powinien prowadzi\u0107 do przyznawania pracownikowi przez zatrudniaj\u0105c\u0105 go instytucj\u0119 naukow\u0105 statusu nauczyciela akademickiego. Wynika\u0107 ma z niego presti\u017c i przywileje oraz obowi\u0105zek ci\u0105g\u0142ego powi\u0119kszania dorobku, ale ju\u017c niekoniecznie przydzielanie formalnego miejsca w\u015br\u00f3d stanowisk przewidzianych dla badaczy i wyk\u0142adowc\u00f3w.             <\/div>\n        <\/div>\n         <a href=\"http:\/\/1kbsw.p.lodz.pl\/wp-content\/uploads\/2019\/07\/2019-07-Hollender.pdf\" target=\"_blank\" rel=\"noopener noreferrer\">prezentacja(pdf)<\/a><\/p>\n<hr \/>\n<p><a name=\"jankowska\"><\/a><br \/><img loading=\"lazy\" decoding=\"async\" class=\"alignnone  wp-image-1229\" src=\"http:\/\/1kbsw.p.lodz.pl\/wp-content\/uploads\/2019\/01\/Jankowska.png\" alt=\"\" width=\"200\" height=\"200\" \/><br \/><strong>dr Maria A. Jankowska<\/strong><br \/>UCLA Library, Los Angeles, California<br \/>Biogram         <div class=\"rmwr-wrapper\" \n             data-id=\"rmwr-69f31dfd88431\"\n             data-mode=\"normal\"\n             data-animation=\"fade\"\n             data-duration=\"300\"\n             data-smooth-scroll=\"true\"\n             data-scroll-offset=\"0\">\n            <button \n                type=\"button\"\n                class=\"read-link\" \n                id=\"readlinkrmwr-69f31dfd88431\"\n                data-open-text=\"Wi\u0119cej\"\n                data-close-text=\"Mniej\"\n                aria-expanded=\"false\"\n                aria-controls=\"readrmwr-69f31dfd88431\"\n                aria-label=\"Wi\u0119cej\"\n            >\n                <span class=\"rmwr-text\">Wi\u0119cej<\/span>\n            <\/button>\n            <div \n                class=\"read_div\" \n                id=\"readrmwr-69f31dfd88431\"\n                aria-hidden=\"true\"\n                data-animation=\"fade\"\n                data-duration=\"300\"\n                style=\"display: none;\"\n            >\n                 Bibliotekarz dziedzinowy w zakresie nauk spo\u0142ecznych na Uniwersytecie Kalifornijskim w Los Angeles. Absolwentka Uniwersytetu Ekonomicznego w Poznaniu oraz Wydzia\u0142u Informacji Naukowej i Bibliotekoznawstwa na Uniwersytecie Kalifornijskim w Berkeley. W latach 2004-2005 by\u0142a stypendystk\u0105 Fundacji Fulbrighta i wsp\u00f3\u0142pracowa\u0142a z polskimi bibliotekami. W roku 2009 pe\u0142ni\u0142a funkcj\u0119 dyrektora Biblioteki Uniwersytetu Ekonomicznego w Poznaniu. Za\u0142o\u017cycielka i redaktorka naczelna czasopisma \u201eElectronic Green Journal\u201d (http:\/\/escholarship.org\/uc\/uclalib_egj), kt\u00f3re ukazuje si\u0119 od 1994 r. jako pierwsze mi\u0119dzynarodowe czasopismo open access po\u015bwi\u0119cone ochronie \u015brodowiska i zr\u00f3wnowa\u017conemu rozwojowi. Autorka ponad 30 artyku\u0142\u00f3w dotycz\u0105cych wsp\u00f3\u0142czesnych bibliotek akademickich, opublikowanych w czasopismach mi\u0119dzynarodowych. Obecnie prowadzi badania dotycz\u0105ce znaczenia krajobrazu historycznego w oparciu o analiz\u0119 dynamiki przestrzennej osadnik\u00f3w z Bambergu (Bawaria) w Wielkopolsce.             <\/div>\n        <\/div>\n         <strong>Humanistyka cyfrowa a biblioteki akademickie<\/strong>         <div class=\"rmwr-wrapper\" \n             data-id=\"rmwr-69f31dfd88452\"\n             data-mode=\"normal\"\n             data-animation=\"fade\"\n             data-duration=\"300\"\n             data-smooth-scroll=\"true\"\n             data-scroll-offset=\"0\">\n            <button \n                type=\"button\"\n                class=\"read-link\" \n                id=\"readlinkrmwr-69f31dfd88452\"\n                data-open-text=\"Wi\u0119cej\"\n                data-close-text=\"Mniej\"\n                aria-expanded=\"false\"\n                aria-controls=\"readrmwr-69f31dfd88452\"\n                aria-label=\"Wi\u0119cej\"\n            >\n                <span class=\"rmwr-text\">Wi\u0119cej<\/span>\n            <\/button>\n            <div \n                class=\"read_div\" \n                id=\"readrmwr-69f31dfd88452\"\n                aria-hidden=\"true\"\n                data-animation=\"fade\"\n                data-duration=\"300\"\n                style=\"display: none;\"\n            >\n                 Centra oraz programy humanistyki cyfrowej szybko rozwijaj\u0105 si\u0119 na \u015bwiatowych uniwersytetach. Wiele bibliotek akademickich opracowa\u0142o przewodniki wspieraj\u0105ce rosn\u0105ce potrzeby badawcze profesor\u00f3w i student\u00f3w tej interdyscyplinarnej dziedziny nauki. Celem referatu jest przedstawienie roli bibliotek akademickich we wspieraniu rosn\u0105cych potrzeb informacyjnych zg\u0142aszanych przez reprezentant\u00f3w humanistyki cyfrowej. Referat definiuje humanistyk\u0119 cyfrow\u0105, przedstawia jej g\u0142\u00f3wne metody badawcze, omawia przyk\u0142ady projekt\u00f3w, podaje najwa\u017cniejsz\u0105 literatur\u0119 oraz proponuje konkretne przyk\u0142ady rozwi\u0105za\u0144 dla bibliotek w zakresie wspierania potrzeb tej szybko rozwijaj\u0105cej si\u0119 dziedziny nauki.             <\/div>\n        <\/div>\n        <\/p>\n<hr \/>\n<p><a name=\"jazdon\"><\/a><br \/><img loading=\"lazy\" decoding=\"async\" src=\"http:\/\/1kbsw.p.lodz.pl\/wp-content\/uploads\/2019\/01\/Jazdon.png\" alt=\"\" width=\"200\" height=\"200\" \/><br \/><strong>dr hab. Artur Jazdon<\/strong><br \/>Biblioteka Uniwersytecka w Poznaniu<br \/>Biogram         <div class=\"rmwr-wrapper\" \n             data-id=\"rmwr-69f31dfd88475\"\n             data-mode=\"normal\"\n             data-animation=\"fade\"\n             data-duration=\"300\"\n             data-smooth-scroll=\"true\"\n             data-scroll-offset=\"0\">\n            <button \n                type=\"button\"\n                class=\"read-link\" \n                id=\"readlinkrmwr-69f31dfd88475\"\n                data-open-text=\"Wi\u0119cej\"\n                data-close-text=\"Mniej\"\n                aria-expanded=\"false\"\n                aria-controls=\"readrmwr-69f31dfd88475\"\n                aria-label=\"Wi\u0119cej\"\n            >\n                <span class=\"rmwr-text\">Wi\u0119cej<\/span>\n            <\/button>\n            <div \n                class=\"read_div\" \n                id=\"readrmwr-69f31dfd88475\"\n                aria-hidden=\"true\"\n                data-animation=\"fade\"\n                data-duration=\"300\"\n                style=\"display: none;\"\n            >\n                 Studia w Instytucie Bibliotekoznawstwa i Informacji Naukowej Uniwersytetu im. Adama Mickiewicza (UAM) \u2013 Pozna\u0144, 1979; doktorat z nauk humanistycznych w zakresie bibliotekoznawstwa i informacji naukowej \u2013 Uniwersytet Wroc\u0142awski, 1989; uprawnienia bibliotekarza dyplomowanego \u2013 1988; habilitacja z nauk humanistycznych w zakresie bibliologii i informatologii \u2013 Uniwersytet \u015al\u0105ski, 2013. Od roku 1979 zatrudniony w Bibliotece Uniwersyteckiej (BU) w Poznaniu, pocz\u0105tkowo na etacie naukowo-badawczym, do roku 1982 jako starszy bibliotekarz, a nast\u0119pnie kustosz w s\u0142u\u017cbie bibliotecznej. Od roku 1984 wicedyrektor, a w latach 1992-2017 dyrektor Biblioteki Uniwersyteckiej; obecnie zatrudniony w Pracowni Regionalnego Zasobu Bibliotecznego Oddzia\u0142u Zbior\u00f3w Specjalnych BU w Poznaniu. Odby\u0142 sta\u017ce w bibliotekach krajowych i zagranicznych (m.in. Warszawa, Krak\u00f3w, Brno, Berlin, Bayreuth, Leeds, Ryga). Realizuje zaj\u0119cia dydaktyczne w Instytucie Filologii Polskiej UAM (wcze\u015bniej w Instytucie Bibliotekoznawstwa i Informacji Naukowej UAM) oraz w Wy\u017cszej Szkole Umiej\u0119tno\u015bci Spo\u0142ecznych (od roku 2001). Autor sze\u015bciu ksi\u0105\u017cek i ponad 120 artyku\u0142\u00f3w z zakresu: historii ruchu wydawniczego, drukarstwa i ksi\u0119garstwa, organizacji i zarz\u0105dzania bibliotekami, polityki kadrowej w bibliotekach, finansowania nauki i bibliotek, komputeryzacji bibliotek i proces\u00f3w bibliotecznych. Wypromowa\u0142 jednego doktoranta, kilkakrotnie by\u0142 recenzentem w przewodach doktorskich i habilitacyjnych. Redaktor naczelny rocznika \u201eBiblioteka\u201d. Koordynator projektu Analiza Funkcjonowania Bibliotek Naukowych. Wieloletni cz\u0142onek Rady Wykonawczej Konferencji Dyrektor\u00f3w Bibliotek Akademickich Szk\u00f3\u0142 Polskich.             <\/div>\n        <\/div>\n         <strong>Co nas mo\u017ce czeka\u0107 w przysz\u0142o\u015bci? Wprowadzenie do dyskusji <\/strong>        <div class=\"rmwr-wrapper\" \n             data-id=\"rmwr-69f31dfd88496\"\n             data-mode=\"normal\"\n             data-animation=\"fade\"\n             data-duration=\"300\"\n             data-smooth-scroll=\"true\"\n             data-scroll-offset=\"0\">\n            <button \n                type=\"button\"\n                class=\"read-link\" \n                id=\"readlinkrmwr-69f31dfd88496\"\n                data-open-text=\"Wi\u0119cej\"\n                data-close-text=\"Mniej\"\n                aria-expanded=\"false\"\n                aria-controls=\"readrmwr-69f31dfd88496\"\n                aria-label=\"Wi\u0119cej\"\n            >\n                <span class=\"rmwr-text\">Wi\u0119cej<\/span>\n            <\/button>\n            <div \n                class=\"read_div\" \n                id=\"readrmwr-69f31dfd88496\"\n                aria-hidden=\"true\"\n                data-animation=\"fade\"\n                data-duration=\"300\"\n                style=\"display: none;\"\n            >\n                 Zgodnie z tytu\u0142owym za\u0142o\u017ceniem autor spr\u00f3buje podzieli\u0107 si\u0119 swoimi przemy\u015bleniami dotycz\u0105cymi mo\u017cliwych wariant\u00f3w kierunk\u00f3w rozwoju bibliotek szk\u00f3\u0142 wy\u017cszych. Przemy\u015blenia te traktowane jako wst\u0119p do dyskusji \u2013 zr\u00f3\u017cnicowane, nieobejmuj\u0105ce wszystkich zagadnie\u0144, nieprzynosz\u0105ce gotowych rozwi\u0105za\u0144 i odpowiedzi \u2013 oparte b\u0119d\u0105 na analizie bie\u017c\u0105cej sytuacji wynikaj\u0105cej z Ustawy 2.0, literatury przedmiotu, do\u015bwiadcze\u0144 w\u0142asnych autora. Obejm\u0105 trzy mo\u017cliwe warianty rozwoju sytuacji, od skrajnego, czyli likwidacji bibliotek, do rozwoju przez przej\u0119cie pewnych funkcji uczelnianych, poprzez wariant po\u015bredni, czyli mo\u017cliwe przeobra\u017cenia strukturalne i zwi\u0105zane z tym zmiany funkcji i zada\u0144.             <\/div>\n        <\/div>\n        <\/p>\n<hr \/>\n<p><a name=\"kozakiewicz\"><\/a><br \/><img decoding=\"async\" src=\"http:\/\/1kbsw.p.lodz.pl\/wp-content\/uploads\/2019\/01\/Kozakiewicz.png\" alt=\"\" width=\"200\" \/><br \/><strong>Witold Kozakiewicz<\/strong><br \/>Centrum Informacyjno-Biblioteczne Uniwersytetu Medycznego w \u0141odzi<br \/>Biogram         <div class=\"rmwr-wrapper\" \n             data-id=\"rmwr-69f31dfd884b6\"\n             data-mode=\"normal\"\n             data-animation=\"fade\"\n             data-duration=\"300\"\n             data-smooth-scroll=\"true\"\n             data-scroll-offset=\"0\">\n            <button \n                type=\"button\"\n                class=\"read-link\" \n                id=\"readlinkrmwr-69f31dfd884b6\"\n                data-open-text=\"Wi\u0119cej\"\n                data-close-text=\"Mniej\"\n                aria-expanded=\"false\"\n                aria-controls=\"readrmwr-69f31dfd884b6\"\n                aria-label=\"Wi\u0119cej\"\n            >\n                <span class=\"rmwr-text\">Wi\u0119cej<\/span>\n            <\/button>\n            <div \n                class=\"read_div\" \n                id=\"readrmwr-69f31dfd884b6\"\n                aria-hidden=\"true\"\n                data-animation=\"fade\"\n                data-duration=\"300\"\n                style=\"display: none;\"\n            >\n                 Dyrektor Centrum Informacyjno-Bibliotecznego Uniwersytetu Medycznego w \u0141odzi, przewodnicz\u0105cy Rady Dyrektor\u00f3w \u0141\u00f3dzkiej Akademickiej Sieci Bibliotecznej, cz\u0142onek zarz\u0105du European Association for Health Information and Libraries w kadencji 2017-2020. Autor publikacji oraz wyst\u0105pie\u0144 na konferencjach krajowych i mi\u0119dzynarodowych. Interesuje si\u0119 nowymi technologiami w dzia\u0142alno\u015bci bibliotek, kierunkami rozwoju us\u0142ug bibliotecznych, otwart\u0105 nauk\u0105 i mediami spo\u0142eczno\u015bciowymi.             <\/div>\n        <\/div>\n         <strong>Wyspy szcz\u0119\u015bliwe, czyli kilka refleksji o miejscu biblioteki w \u015brodowisku uczelni wy\u017cszej <\/strong>        <div class=\"rmwr-wrapper\" \n             data-id=\"rmwr-69f31dfd884da\"\n             data-mode=\"normal\"\n             data-animation=\"fade\"\n             data-duration=\"300\"\n             data-smooth-scroll=\"true\"\n             data-scroll-offset=\"0\">\n            <button \n                type=\"button\"\n                class=\"read-link\" \n                id=\"readlinkrmwr-69f31dfd884da\"\n                data-open-text=\"Wi\u0119cej\"\n                data-close-text=\"Mniej\"\n                aria-expanded=\"false\"\n                aria-controls=\"readrmwr-69f31dfd884da\"\n                aria-label=\"Wi\u0119cej\"\n            >\n                <span class=\"rmwr-text\">Wi\u0119cej<\/span>\n            <\/button>\n            <div \n                class=\"read_div\" \n                id=\"readrmwr-69f31dfd884da\"\n                aria-hidden=\"true\"\n                data-animation=\"fade\"\n                data-duration=\"300\"\n                style=\"display: none;\"\n            >\n                 Biblioteka akademicka w strukturze dowolnej szko\u0142y wy\u017cszej stanowi jednostk\u0119 unikatow\u0105 w swoim rodzaju. Obs\u0142uguje najszersze spektrum klient\u00f3w w uczelni, od student\u00f3w po w\u0142adze rektorskie. Ma zapewni\u0107 wsparcie ka\u017cdej z grup u\u017cytkownik\u00f3w w zakresie ich bardzo specyficznych potrzeb, kt\u00f3re cz\u0119sto bywaj\u0105 wr\u0119cz sprzeczne ze sob\u0105.Biblioteki maj\u0105 by\u0107 wizyt\u00f3wk\u0105 uczelni, by\u0107 jednym z miejsc, kt\u00f3rymi mo\u017cna si\u0119 pochwali\u0107 rekrutuj\u0105c przysz\u0142ych student\u00f3w. Od bibliotek oczekuje si\u0119 wdra\u017cania nowinek technologicznych, a z drugiej strony pewnej konserwatywno\u015bci w podej\u015bciu do \u017ar\u00f3de\u0142 archiwalnych &#8211; zadania sprzeczne, a wizje tej samej instytucji r\u00f3\u017cne. Czy da si\u0119 sprosta\u0107 oczekiwaniom si\u0142ami w\u0142asnymi bibliotekarzy, czy mo\u017ce trzeba szuka\u0107 wsparcia? Co mo\u017cna zaoferowa\u0107, a czego wymaga\u0107 od innych? Z kim wsp\u00f3\u0142pracowa\u0107, w jakim zakresie? Co mo\u017cna zyska\u0107, a co straci\u0107? W wyst\u0105pieniu zostanie podj\u0119ta pr\u00f3ba odpowiedzi na powy\u017csze pytania.             <\/div>\n        <\/div>\n        <\/p>\n<hr \/>\n<p><a name=\"nahotko\"><\/a><br \/><img decoding=\"async\" src=\"http:\/\/1kbsw.p.lodz.pl\/wp-content\/uploads\/2019\/06\/Nahotko.png\" alt=\"\" width=\"200\" \/><br \/><strong><br \/>dr hab. Marek Nahotko<\/strong><br \/>Uniwersytet Jagiello\u0144ski<br \/>Biogram         <div class=\"rmwr-wrapper\" \n             data-id=\"rmwr-69f31dfd884fb\"\n             data-mode=\"normal\"\n             data-animation=\"fade\"\n             data-duration=\"300\"\n             data-smooth-scroll=\"true\"\n             data-scroll-offset=\"0\">\n            <button \n                type=\"button\"\n                class=\"read-link\" \n                id=\"readlinkrmwr-69f31dfd884fb\"\n                data-open-text=\"Wi\u0119cej\"\n                data-close-text=\"Mniej\"\n                aria-expanded=\"false\"\n                aria-controls=\"readrmwr-69f31dfd884fb\"\n                aria-label=\"Wi\u0119cej\"\n            >\n                <span class=\"rmwr-text\">Wi\u0119cej<\/span>\n            <\/button>\n            <div \n                class=\"read_div\" \n                id=\"readrmwr-69f31dfd884fb\"\n                aria-hidden=\"true\"\n                data-animation=\"fade\"\n                data-duration=\"300\"\n                style=\"display: none;\"\n            >\n                 Adiunkt w Instytucie Informacji Naukowej i Bibliotekoznawstwa Uniwersytetu Jagiello\u0144skiego, specjalizuje si\u0119 w zagadnieniach metadanych dokument\u00f3w elektronicznych oraz wykorzystania Internetu w komunikacji naukowej i dzia\u0142alno\u015bci informacyjnej. Jest autorem ksi\u0105\u017cek Teoria gatunk\u00f3w w organizacji informacji i wiedzy (Krak\u00f3w, 2018), Komunikacja naukowa w \u015brodowisku cyfrowym (Warszawa, 2010), Naukowe czasopisma elektroniczne (Warszawa, 2007), Opis dokument\u00f3w elektronicznych. Teoretyczny model i mo\u017cliwo\u015bci jego aplikacji (Krak\u00f3w 2006), Metadane : spos\u00f3b na uporz\u0105dkowanie Internetu. (Krak\u00f3w, 2004) oraz licznych artyku\u0142\u00f3w publikowanych m.in. na \u0142amach \u201ePrzegl\u0105du Bibliotecznego\u201d, \u201eZagadnie\u0144 Informacji Naukowej\u201d oraz \u201eBibliotheca Nostra\u201d.             <\/div>\n        <\/div>\n         <strong>Czy (centralne) katalogi biblioteczne s\u0105 jeszcze potrzebne? OPAC w infotopii. <\/strong>         <div class=\"rmwr-wrapper\" \n             data-id=\"rmwr-69f31dfd8851d\"\n             data-mode=\"normal\"\n             data-animation=\"fade\"\n             data-duration=\"300\"\n             data-smooth-scroll=\"true\"\n             data-scroll-offset=\"0\">\n            <button \n                type=\"button\"\n                class=\"read-link\" \n                id=\"readlinkrmwr-69f31dfd8851d\"\n                data-open-text=\"Wi\u0119cej\"\n                data-close-text=\"Mniej\"\n                aria-expanded=\"false\"\n                aria-controls=\"readrmwr-69f31dfd8851d\"\n                aria-label=\"Wi\u0119cej\"\n            >\n                <span class=\"rmwr-text\">Wi\u0119cej<\/span>\n            <\/button>\n            <div \n                class=\"read_div\" \n                id=\"readrmwr-69f31dfd8851d\"\n                aria-hidden=\"true\"\n                data-animation=\"fade\"\n                data-duration=\"300\"\n                style=\"display: none;\"\n            >\n                 Podczas wyst\u0105pienia przedstawione zostan\u0105 dwa sposoby organizacji prac w katalogu centralnym: zcentralizowany (wsp\u00f3\u0142katalogowanie) i zdecentralizowany, oparty na dzia\u0142aniu standard\u00f3w, takich jak Z39.50 i OAI-PMH. Om\u00f3wione zostan\u0105 problemy wsp\u00f3\u0142dzia\u0142ania (interoperability) system\u00f3w informacyjnych i metadanych, zwi\u0105zane z wyborem jednego z tych sposob\u00f3w. Wskazane zostan\u0105 tak\u017ce rozwi\u0105zania, kt\u00f3re mog\u0105 znale\u017a\u0107 szerokie zastosowanie w zakresie katalogowania w przysz\u0142o\u015bci, g\u0142\u00f3wnie zwi\u0105zanie ze stosowaniem technologii Linked Data i Semantycznego Webu, takich jak RDF.            <\/div>\n        <\/div>\n         <a href=\"http:\/\/1kbsw.p.lodz.pl\/wp-content\/uploads\/2019\/07\/2019-06-Nahotko.pdf\" target=\"_blank\" rel=\"noopener noreferrer\">prezentacja (pdf)<\/a><\/p>\n<hr \/>\n<p><a name=\"paszkowska\"><\/a><br \/><strong><img loading=\"lazy\" decoding=\"async\" class=\"alignnone wp-image-1282\" src=\"http:\/\/1kbsw.p.lodz.pl\/wp-content\/uploads\/2019\/02\/Paszkowska.png\" alt=\"\" width=\"200\" height=\"200\" \/><br \/>Ma\u0142gorzata Paszkowska<\/strong><br \/>O\u015brodek Przetwarzania Informacji<br \/><strong><img loading=\"lazy\" decoding=\"async\" class=\"alignnone wp-image-1283\" src=\"http:\/\/1kbsw.p.lodz.pl\/wp-content\/uploads\/2019\/02\/Michaj\u0142owicz.png\" alt=\"\" width=\"200\" height=\"200\" \/><br \/>Marek Michaj\u0142owicz<\/strong><br \/>O\u015brodek Przetwarzania Informacji<br \/><strong>Centralne systemy informacji o Nauce i Szkolnictwie Wy\u017cszym &#8211; dzi\u015b i jutro. PBN i POL-on a Ustawa 2.0\u00a0<\/strong><br \/><a href=\"http:\/\/1kbsw.p.lodz.pl\/wp-content\/uploads\/2019\/07\/2019-06-Paszkowska.pdf\" target=\"_blank\" rel=\"noopener noreferrer\">prezentacja (pdf)<\/a><\/p>\n<hr \/>\n<p><a name=\"radwanski\"><\/a><br \/><img decoding=\"async\" src=\"http:\/\/1kbsw.p.lodz.pl\/wp-content\/uploads\/2019\/01\/Radwanski.png\" alt=\"\" width=\"200\" \/><br \/><strong>dr Aleksander Radwa\u0144ski<\/strong><br \/>Stowarzyszenie EBIB<br \/>Biogram         <div class=\"rmwr-wrapper\" \n             data-id=\"rmwr-69f31dfd88563\"\n             data-mode=\"normal\"\n             data-animation=\"fade\"\n             data-duration=\"300\"\n             data-smooth-scroll=\"true\"\n             data-scroll-offset=\"0\">\n            <button \n                type=\"button\"\n                class=\"read-link\" \n                id=\"readlinkrmwr-69f31dfd88563\"\n                data-open-text=\"Wi\u0119cej\"\n                data-close-text=\"Mniej\"\n                aria-expanded=\"false\"\n                aria-controls=\"readrmwr-69f31dfd88563\"\n                aria-label=\"Wi\u0119cej\"\n            >\n                <span class=\"rmwr-text\">Wi\u0119cej<\/span>\n            <\/button>\n            <div \n                class=\"read_div\" \n                id=\"readrmwr-69f31dfd88563\"\n                aria-hidden=\"true\"\n                data-animation=\"fade\"\n                data-duration=\"300\"\n                style=\"display: none;\"\n            >\n                 Bibliotekoznawca, w latach 1996-2003 adiunkt w Instytucie Bibliotekoznawstwa Uniwersytetu Wroc\u0142awskiego, wyk\u0142adowca m.in. w Pa\u0144stwowym Pomaturalnym Studium Kszta\u0142cenia Animator\u00f3w Kultury i Bibliotekarzy we Wroc\u0142awiu, Dolno\u015bl\u0105skim O\u015brodku Doskonalenia Nauczycieli, Wy\u017cszej Szkole Umiej\u0119tno\u015bci Spo\u0142ecznych w Poznaniu. W latach 1998-2016 kierownik Dzia\u0142u Komputeryzacji Zak\u0142adu Narodowego im. Ossoli\u0144skich. Jeden z za\u0142o\u017cycieli i redaktor\u00f3w serwisu internetowego Elektroniczna Biblioteka EBIB. Autor publikacji nt. komputeryzacji bibliotek i nowych technologii w bibliotekach. Od 2016 roku specjalista ds. system\u00f3w bibliotecznych w firmie MOL.             <\/div>\n        <\/div>\n         <strong>\u0141atwo, szybko, efektywnie. Oczekiwania u\u017cytkownik\u00f3w XXI wieku <\/strong>        <div class=\"rmwr-wrapper\" \n             data-id=\"rmwr-69f31dfd88588\"\n             data-mode=\"normal\"\n             data-animation=\"fade\"\n             data-duration=\"300\"\n             data-smooth-scroll=\"true\"\n             data-scroll-offset=\"0\">\n            <button \n                type=\"button\"\n                class=\"read-link\" \n                id=\"readlinkrmwr-69f31dfd88588\"\n                data-open-text=\"Wi\u0119cej\"\n                data-close-text=\"Mniej\"\n                aria-expanded=\"false\"\n                aria-controls=\"readrmwr-69f31dfd88588\"\n                aria-label=\"Wi\u0119cej\"\n            >\n                <span class=\"rmwr-text\">Wi\u0119cej<\/span>\n            <\/button>\n            <div \n                class=\"read_div\" \n                id=\"readrmwr-69f31dfd88588\"\n                aria-hidden=\"true\"\n                data-animation=\"fade\"\n                data-duration=\"300\"\n                style=\"display: none;\"\n            >\n                 Serwisy internetowe w naturalny spos\u00f3b ukszta\u0142towa\u0142y nawyki u\u017cytkownika XXI wieku. Na og\u00f3\u0142 oczekuje on \u0142atwego, szybkiego i efektywnego dost\u0119pu do informacji. Czy jednak triada \u0142atwo-szybko-efektywnie nie jest tak samo niewykonalna jak inna znana triada: dobrze-szybko-tanio? Czego oczekujemy jako u\u017cytkownicy w zakresie informacji o zasobach bibliotek? Jakie warunki technologiczne i organizacyjne musz\u0105 zaistnie\u0107 by te oczekiwania spe\u0142ni\u0107? I wreszcie, jak zmierzymy stopie\u0144 satysfakcji u\u017cytkownik\u00f3w? Dost\u0119p do pe\u0142nej informacji o zasobach polskich bibliotek prowokuje wiele pyta\u0144, na kt\u00f3re nie znamy jeszcze odpowiedzi. Ale by je pozna\u0107 trzeba zada\u0107 w\u0142a\u015bciwe pytania.             <\/div>\n        <\/div>\n        <\/p>\n<hr \/>\n<p><a name=\"szczepanska\"><\/a><br \/><img decoding=\"async\" src=\"http:\/\/1kbsw.p.lodz.pl\/wp-content\/uploads\/2019\/01\/Szczepanska.png\" alt=\"\" width=\"200\" \/><br \/><strong>Barbara Szczepa\u0144ska<br \/><\/strong>Biblioteka Kancelarii Prawnej Hogan Lovells; Stowarzyszenie EBIB<br \/>Biogram         <div class=\"rmwr-wrapper\" \n             data-id=\"rmwr-69f31dfd885ab\"\n             data-mode=\"normal\"\n             data-animation=\"fade\"\n             data-duration=\"300\"\n             data-smooth-scroll=\"true\"\n             data-scroll-offset=\"0\">\n            <button \n                type=\"button\"\n                class=\"read-link\" \n                id=\"readlinkrmwr-69f31dfd885ab\"\n                data-open-text=\"Wi\u0119cej\"\n                data-close-text=\"Mniej\"\n                aria-expanded=\"false\"\n                aria-controls=\"readrmwr-69f31dfd885ab\"\n                aria-label=\"Wi\u0119cej\"\n            >\n                <span class=\"rmwr-text\">Wi\u0119cej<\/span>\n            <\/button>\n            <div \n                class=\"read_div\" \n                id=\"readrmwr-69f31dfd885ab\"\n                aria-hidden=\"true\"\n                data-animation=\"fade\"\n                data-duration=\"300\"\n                style=\"display: none;\"\n            >\n                 Bibliotekarka, uko\u0144czy\u0142a bibliotekoznawstwo i informacj\u0119 naukow\u0105 na UMCS w Lublinie, studia podyplomowe z zakresu prawa autorskiego, wydawniczego i prasowego w Mi\u0119dzyuczelnianym Instytucie Wynalazczo\u015bci i Ochrony W\u0142asno\u015bci Intelektualnej UJ oraz studia podyplomowe komunikacji spo\u0142ecznej i medi\u00f3w w Instytucie Bada\u0144 Literackich PAN. Jest r\u00f3wnie\u017c absolwentk\u0105 Letniej Szko\u0142y Mi\u0119dzynarodowego Prawa Autorskiego na Uniwersytecie w Amsterdamie. Krajowa koordynatorka ds. w\u0142asno\u015bci intelektualnej w fundacji eIFL z ramienia Pozna\u0144skiej Fundacji Bibliotek Naukowych. Doradza Konferencji Dyrektor\u00f3w Bibliotek Akademickich Szk\u00f3\u0142 Polskich oraz Stowarzyszeniu EBIB. Wsp\u00f3\u0142pracuje z IFLA, EBLIDA i LIBER. Jest autork\u0105 publikacji na temat prawa autorskiego, a tak\u017ce prowadzi szkolenia z zakresu prawa autorskiego.             <\/div>\n        <\/div>\n         <strong>Nic o nas bez nas \u2013 rola bibliotek w rzecznictwie i tworzeniu polityki opartej na faktach <\/strong>        <div class=\"rmwr-wrapper\" \n             data-id=\"rmwr-69f31dfd885cd\"\n             data-mode=\"normal\"\n             data-animation=\"fade\"\n             data-duration=\"300\"\n             data-smooth-scroll=\"true\"\n             data-scroll-offset=\"0\">\n            <button \n                type=\"button\"\n                class=\"read-link\" \n                id=\"readlinkrmwr-69f31dfd885cd\"\n                data-open-text=\"Wi\u0119cej\"\n                data-close-text=\"Mniej\"\n                aria-expanded=\"false\"\n                aria-controls=\"readrmwr-69f31dfd885cd\"\n                aria-label=\"Wi\u0119cej\"\n            >\n                <span class=\"rmwr-text\">Wi\u0119cej<\/span>\n            <\/button>\n            <div \n                class=\"read_div\" \n                id=\"readrmwr-69f31dfd885cd\"\n                aria-hidden=\"true\"\n                data-animation=\"fade\"\n                data-duration=\"300\"\n                style=\"display: none;\"\n            >\n                 Wprowadzenie skutecznych i satysfakcjonuj\u0105cych zmian w prawie, szczeg\u00f3lnie w zakresie prawa w\u0142asno\u015bci intelektualnej, kt\u00f3re oddzia\u0142uje zar\u00f3wno na szeroko rozumiane \u201einstytucje pami\u0119ci\u201d, jak i biznes, wymaga systemowych dzia\u0142a\u0144 roz\u0142o\u017conych na lata \u2013 d\u0142ugotrwa\u0142ej i konsekwentnej polityki rzeczniczej. Sk\u0142adaj\u0105 si\u0119 na ni\u0105 m.in.: przygotowywanie ekspertyz i opinii, uczestnictwo w spotkaniach, obecno\u015b\u0107 w mediach. Rekomendacje zmian powinny by\u0107 oparte na konkretnych i rzetelnych danych. W wyst\u0105pieniu, kt\u00f3rego celem jest zach\u0119cenie \u015brodowiska bibliotekarskiego do wi\u0119kszej aktywno\u015bci w zakresie budowania kampanii rzeczniczych, autorka podzieli si\u0119 do\u015bwiadczeniami wynikaj\u0105cymi z dzia\u0142a\u0144 na rzecz zmian prawa autorskiego. Dzia\u0142ania takie prowadzone s\u0105 zar\u00f3wno lokalnie, jak i globalnie przy udziale wielu organizacji np. IFLA, EBLIDA, EIFL oraz LIBER. Wska\u017ce tak\u017ce obszary i mo\u017cliwo\u015bci wsp\u00f3\u0142pracy pomi\u0119dzy r\u00f3\u017cnymi interesariuszami.             <\/div>\n        <\/div>\n        <\/p>\n<hr \/>\n<p><a name=\"wozniak\"><\/a><br \/><img loading=\"lazy\" decoding=\"async\" class=\"alignnone  wp-image-2298\" src=\"http:\/\/1kbsw.p.lodz.pl\/wp-content\/uploads\/2019\/03\/Wozniak.png\" alt=\"\" width=\"200\" height=\"200\" \/><br \/><strong>dr Dariusz Wo\u017aniak<\/strong><br \/>Wy\u017csza Szko\u0142a Biznesu \u2013 National-Louis University<br \/>Biogram         <div class=\"rmwr-wrapper\" \n             data-id=\"rmwr-69f31dfd8860a\"\n             data-mode=\"normal\"\n             data-animation=\"fade\"\n             data-duration=\"300\"\n             data-smooth-scroll=\"true\"\n             data-scroll-offset=\"0\">\n            <button \n                type=\"button\"\n                class=\"read-link\" \n                id=\"readlinkrmwr-69f31dfd8860a\"\n                data-open-text=\"Wi\u0119cej\"\n                data-close-text=\"Mniej\"\n                aria-expanded=\"false\"\n                aria-controls=\"readrmwr-69f31dfd8860a\"\n                aria-label=\"Wi\u0119cej\"\n            >\n                <span class=\"rmwr-text\">Wi\u0119cej<\/span>\n            <\/button>\n            <div \n                class=\"read_div\" \n                id=\"readrmwr-69f31dfd8860a\"\n                aria-hidden=\"true\"\n                data-animation=\"fade\"\n                data-duration=\"300\"\n                style=\"display: none;\"\n            >\n                 Doktor nauk ekonomicznych w zakresie ekonomii. Od 1999 roku pracuje w Wy\u017cszej Szkole Biznesu \u2013 National-Louis University z siedzib\u0105 w Nowym S\u0105czu, pocz\u0105tkowo jako asystent, a obecnie adiunkt na Wydziale Nauk Spo\u0142ecznych i Informatyki. Od 2006 roku prodziekan do spraw studenckich, w lutym 2011 powo\u0142any na stanowisko dziekana Wydzia\u0142u Przedsi\u0119biorczo\u015bci i Zarz\u0105dzania, nast\u0119pnie dziekana Wydzia\u0142u Nauk Spo\u0142ecznych i Zarz\u0105dzania. Od kwietnia 2018 rektor WSB-NLU.<br \/>Na polu eksperckim zaanga\u017cowany w projektowanie i ocen\u0119 program\u00f3w spo\u0142eczno-gospodarczych. Wsp\u00f3\u0142autor projektu strategii rozwoju dla miasta i gminy Krynica-Zdr\u00f3j, projektu Nowos\u0105deckiego Programu Rozwoju Przedsi\u0119biorczo\u015bci, ewaluacji ex-ante regionalnych program\u00f3w operacyjnych na lata 2007-2013 oraz w obecnym okresie programowania (cz\u0119\u015b\u0107 wojew\u00f3dztw). W poprzednim i obecnym okresie programowania zajmuje si\u0119 tak\u017ce kompleksow\u0105 ocen\u0105 projekt\u00f3w inwestycyjnych oraz ocen\u0105 innowacyjno\u015bci projekt\u00f3w biznesowych. Autor wielu publikacji naukowych z tego zakresu.             <\/div>\n        <\/div>\n         <strong>Biblioteka do likwidacji? Spojrzenie zarz\u0105dzaj\u0105cych uczelni\u0105 na wyzwania stoj\u0105ce przed bibliotekami szk\u00f3\u0142 wy\u017cszych<\/strong><\/p>\n<hr \/>\n<p><a name=\"z\"><\/a><\/p>\n<p style=\"text-align: center;\"><strong>WYST\u0104PIENIA ZG\u0141OSZONE<br \/><\/strong><\/p>\n<hr \/>\n<p><a name=\"curylo\"><\/a><br \/><img loading=\"lazy\" decoding=\"async\" class=\"alignnone wp-image-2012\" src=\"http:\/\/1kbsw.p.lodz.pl\/wp-content\/uploads\/2019\/03\/Curylo.png\" alt=\"\" width=\"200\" height=\"200\" \/><br \/><strong>Monika Cury\u0142o<\/strong><br \/>Uniwersytet Jagiello\u0144ski. Biblioteka Wydzia\u0142u Filologicznego<br \/>Biogram         <div class=\"rmwr-wrapper\" \n             data-id=\"rmwr-69f31dfd88630\"\n             data-mode=\"normal\"\n             data-animation=\"fade\"\n             data-duration=\"300\"\n             data-smooth-scroll=\"true\"\n             data-scroll-offset=\"0\">\n            <button \n                type=\"button\"\n                class=\"read-link\" \n                id=\"readlinkrmwr-69f31dfd88630\"\n                data-open-text=\"Wi\u0119cej\"\n                data-close-text=\"Mniej\"\n                aria-expanded=\"false\"\n                aria-controls=\"readrmwr-69f31dfd88630\"\n                aria-label=\"Wi\u0119cej\"\n            >\n                <span class=\"rmwr-text\">Wi\u0119cej<\/span>\n            <\/button>\n            <div \n                class=\"read_div\" \n                id=\"readrmwr-69f31dfd88630\"\n                aria-hidden=\"true\"\n                data-animation=\"fade\"\n                data-duration=\"300\"\n                style=\"display: none;\"\n            >\n                 Kustosz dyplomowany, kierownik Biblioteki Wydzia\u0142u Filologicznego Uniwersytetu Jagiello\u0144skiego. Absolwentka Instytutu Bibliotekoznawstwa i Informacji Naukowej UJ. Wice-przewodnicz\u0105ca Zwi\u0105zku Zawodowego Bibliotekarzy i Pracownik\u00f3w Bibliotek \u201eBibliotekarze Polscy\u201d oraz cz\u0142onek Zarz\u0105du Okr\u0119gu Ma\u0142opolska Stowarzyszenia Bibliotekarzy Polskich. Zajmuje si\u0119 r\u00f3wnie\u017c promocj\u0105 Wydzia\u0142u Filologicznego UJ, organizuje wyk\u0142ady otwarte, szkolenia i warsztaty dla student\u00f3w. Zainteresowania zawodowe: praktyczna dzia\u0142alno\u015b\u0107 wsp\u00f3\u0142czesnej biblioteki akademickiej.             <\/div>\n        <\/div>\n         <strong>Inteligentna biblioteka, inteligentny bibliotekarz, inteligentny czytelnik <\/strong>         <div class=\"rmwr-wrapper\" \n             data-id=\"rmwr-69f31dfd88655\"\n             data-mode=\"normal\"\n             data-animation=\"fade\"\n             data-duration=\"300\"\n             data-smooth-scroll=\"true\"\n             data-scroll-offset=\"0\">\n            <button \n                type=\"button\"\n                class=\"read-link\" \n                id=\"readlinkrmwr-69f31dfd88655\"\n                data-open-text=\"Wi\u0119cej\"\n                data-close-text=\"Mniej\"\n                aria-expanded=\"false\"\n                aria-controls=\"readrmwr-69f31dfd88655\"\n                aria-label=\"Wi\u0119cej\"\n            >\n                <span class=\"rmwr-text\">Wi\u0119cej<\/span>\n            <\/button>\n            <div \n                class=\"read_div\" \n                id=\"readrmwr-69f31dfd88655\"\n                aria-hidden=\"true\"\n                data-animation=\"fade\"\n                data-duration=\"300\"\n                style=\"display: none;\"\n            >\n                 Wsp\u00f3\u0142czesne biblioteki akademickie s\u0105 \u015bwiadkami zmian w dzisiejszym \u015bwiecie i same te zmiany inicjuj\u0105. Wyst\u0105pienie podejmuje pr\u00f3b\u0119 odpowiedzi jak rozumiane jest poj\u0119cie inteligentnej biblioteki, co mo\u017ce wnie\u015b\u0107 nowego i czy te zmiany s\u0105 oczekiwane. Poj\u0119cia kojarzone z inteligentnym budynkiem to przede wszystkim nowoczesne technologie, automatyzacja, energooszcz\u0119dno\u015b\u0107, bezpiecze\u0144stwo. Powy\u017csze twierdzenia odnosz\u0105 si\u0119 wi\u0119c do infrastruktury materialnej, architektury bibliotecznej czy wyposa\u017cenia wn\u0119trz. Nowoczesne technologie warunkuj\u0105 r\u00f3wnie\u017c zmiany metod pracy bibliotekarzy, wp\u0142ywaj\u0105 na ich zakres obowi\u0105zk\u00f3w, stwarzaj\u0105 nowe potrzeby, wymuszaj\u0105 zmiany. U\u017cytkownicy inicjuj\u0105 przemiany i sami im podlegaj\u0105. Powstaje wi\u0119c pytanie &#8211; kto powinien si\u0119 do kogo lub do czego dostosowa\u0107? Kto powinien si\u0119 zmieni\u0107: czytelnik czy bibliotekarz? Czy wystarczy, \u017ce sama biblioteka wyka\u017ce si\u0119 inteligencj\u0105? Kt\u00f3re poj\u0119cie jest wt\u00f3rne, a kto inicjuje zmiany? Inteligentna biblioteka ma spe\u0142ni\u0107 oczekiwania obu stron, u\u0142atwi\u0107 obs\u0142ug\u0119, wyeliminowa\u0107 trudno\u015bci, przynie\u015b\u0107 pe\u0142n\u0105 satysfakcj\u0119 u\u017cytkownikom.             <\/div>\n        <\/div>\n         <a href=\"http:\/\/1kbsw.p.lodz.pl\/wp-content\/uploads\/2019\/07\/2019-07-Curylo.pdf\" target=\"_blank\" rel=\"noopener noreferrer\">prezentacja (pdf)<\/a><\/p>\n<hr \/>\n<p><a name=\"goszczynska\"><\/a><br \/><img loading=\"lazy\" decoding=\"async\" class=\"alignnone  wp-image-2020\" src=\"http:\/\/1kbsw.p.lodz.pl\/wp-content\/uploads\/2019\/04\/Goszczynska.png\" alt=\"\" width=\"200\" height=\"200\" \/><br \/><strong>Agnieszka Goszczy\u0144ska<\/strong><br \/>Uniwersytet Medyczny w \u0141odzi<br \/>Biogram         <div class=\"rmwr-wrapper\" \n             data-id=\"rmwr-69f31dfd88677\"\n             data-mode=\"normal\"\n             data-animation=\"fade\"\n             data-duration=\"300\"\n             data-smooth-scroll=\"true\"\n             data-scroll-offset=\"0\">\n            <button \n                type=\"button\"\n                class=\"read-link\" \n                id=\"readlinkrmwr-69f31dfd88677\"\n                data-open-text=\"Wi\u0119cej\"\n                data-close-text=\"Mniej\"\n                aria-expanded=\"false\"\n                aria-controls=\"readrmwr-69f31dfd88677\"\n                aria-label=\"Wi\u0119cej\"\n            >\n                <span class=\"rmwr-text\">Wi\u0119cej<\/span>\n            <\/button>\n            <div \n                class=\"read_div\" \n                id=\"readrmwr-69f31dfd88677\"\n                aria-hidden=\"true\"\n                data-animation=\"fade\"\n                data-duration=\"300\"\n                style=\"display: none;\"\n            >\n                 Absolwentka Wydzia\u0142u Filologicznego Uniwersytetu \u0141\u00f3dzkiego, popularyzatorka Otwartej Nauki. Obecnie pracuje jako starszy bibliotekarz w Centrum Informacyjno-Bibliotecznym Uniwersytetu Medycznego w \u0141odzi. Zajmuje si\u0119 weryfikacj\u0105 danych oraz projektem \u201eInterScienceCloud\u201d \u2013 Zintegrowana platforma informacji o dzia\u0142alno\u015bci naukowej Uniwersytetu Medycznego w \u0141odzi. Ponadto prowadzi warsztaty dotycz\u0105ce publikowania w modelu otwartym.             <\/div>\n        <\/div>\n         Komunikat: <strong>Otwarty UMed &#8211; badania, projekty, wyzwania <\/strong>         <div class=\"rmwr-wrapper\" \n             data-id=\"rmwr-69f31dfd88699\"\n             data-mode=\"normal\"\n             data-animation=\"fade\"\n             data-duration=\"300\"\n             data-smooth-scroll=\"true\"\n             data-scroll-offset=\"0\">\n            <button \n                type=\"button\"\n                class=\"read-link\" \n                id=\"readlinkrmwr-69f31dfd88699\"\n                data-open-text=\"Wi\u0119cej\"\n                data-close-text=\"Mniej\"\n                aria-expanded=\"false\"\n                aria-controls=\"readrmwr-69f31dfd88699\"\n                aria-label=\"Wi\u0119cej\"\n            >\n                <span class=\"rmwr-text\">Wi\u0119cej<\/span>\n            <\/button>\n            <div \n                class=\"read_div\" \n                id=\"readrmwr-69f31dfd88699\"\n                aria-hidden=\"true\"\n                data-animation=\"fade\"\n                data-duration=\"300\"\n                style=\"display: none;\"\n            >\n                 Wyst\u0105pienie po\u015bwi\u0119cone b\u0119dzie upowszechnianiu otwartego dost\u0119pu na Uniwersytecie Medycznym w \u0141odzi. Zostan\u0105 om\u00f3wione najwa\u017cniejsze aspekty wprowadzenia otwartego dost\u0119pu na poziomie instytucjonalnym m.in. polityka otwarto\u015bci uchwalona przez Senat UM 22.02.2018 r. oraz przyst\u0105pienie UM do Institutional Open Access Program (IOAP), w ramach kt\u00f3rego pracownicy uczelni mog\u0105 publikowa\u0107 na korzystniejszych ni\u017c dotychczas warunkach w czasopismach wydawanych przez Multidisciplinary Digital Publishing Institut. Przedstawione te\u017c b\u0119d\u0105 dzia\u0142ania promocyjne, informacyjne i komunikacyjne, np. strona WWW otwarty.umed.pl, seminarium \u201eDesigning equitable foundations for open knowledge\u201d zorganizowane w ramach mi\u0119dzynarodowego Tygodnia Otwartej Nauki.            <\/div>\n        <\/div>\n         <a href=\"http:\/\/1kbsw.p.lodz.pl\/wp-content\/uploads\/2019\/07\/2019-07-Goszczynska.pdf\" target=\"_blank\" rel=\"noopener noreferrer\">prezentacja (pdf)<\/a><\/p>\n<hr \/>\n<p><a name=\"grabowska\"><\/a><br \/><img loading=\"lazy\" decoding=\"async\" class=\"alignnone wp-image-2013\" src=\"http:\/\/1kbsw.p.lodz.pl\/wp-content\/uploads\/2019\/03\/Grabowska.png\" alt=\"\" width=\"200\" height=\"200\" \/><br \/><strong>dr Hanna Grabowska<br \/><\/strong>Biblioteka Uniwersytecka w Poznaniu<br \/>Biogram         <div class=\"rmwr-wrapper\" \n             data-id=\"rmwr-69f31dfd886bc\"\n             data-mode=\"normal\"\n             data-animation=\"fade\"\n             data-duration=\"300\"\n             data-smooth-scroll=\"true\"\n             data-scroll-offset=\"0\">\n            <button \n                type=\"button\"\n                class=\"read-link\" \n                id=\"readlinkrmwr-69f31dfd886bc\"\n                data-open-text=\"Wi\u0119cej\"\n                data-close-text=\"Mniej\"\n                aria-expanded=\"false\"\n                aria-controls=\"readrmwr-69f31dfd886bc\"\n                aria-label=\"Wi\u0119cej\"\n            >\n                <span class=\"rmwr-text\">Wi\u0119cej<\/span>\n            <\/button>\n            <div \n                class=\"read_div\" \n                id=\"readrmwr-69f31dfd886bc\"\n                aria-hidden=\"true\"\n                data-animation=\"fade\"\n                data-duration=\"300\"\n                style=\"display: none;\"\n            >\n                 Kustosz dyplomowany. Zatrudniona w Bibliotece Uniwersyteckiej w Poznaniu w Oddziale Informacji Naukowej i Transferu Wiedzy. Doktor nauk humanistycznych w zakresie bibliologii i informatologii. Absolwentka studi\u00f3w magisterskich na kierunku Zarz\u0105dzanie na Wydziale Prawa i Administracji Uniwersytetu im. Adama Mickiewicza w Poznaniu oraz studi\u00f3w podyplomowych z zakresu m.in. Psychologia w Biznesie na Uniwersytecie Ekonomicznym w Poznaniu i Innowacyjne Zarz\u0105dzanie Mark\u0105 w Wy\u017cszej Szkole Bankowej w Poznaniu. W latach 2016 \u2013 2017 zatrudniona w Bibliotece Uniwersytetu Metropolitan w Londynie oraz w sieci Bibliotek Publicznych Lewisham w Londynie. Uczestniczy\u0142a w sta\u017cach w zagranicznych bibliotekach naukowych, m. in. w Bibliotece Uniwersyteckiej w Uppsali (Szwecja), w Bibliotece Uniwersytetu Finlandii Wschodniej, w Bibliotece Uniwersyteckiej w Bergen (Norwegia). Autorka publikacji naukowych z zakresu organizacji i zarz\u0105dzania bibliotekami oraz zarz\u0105dzania mark\u0105. Redaktor j\u0119zykowy w czasopismie Zarz\u0105dzanie Bibliotek\u0105.            <\/div>\n        <\/div>\n         <strong>Kszta\u0142towanie \u015bwiadomo\u015bci marki biblioteki akademickiej<\/strong>         <div class=\"rmwr-wrapper\" \n             data-id=\"rmwr-69f31dfd886df\"\n             data-mode=\"normal\"\n             data-animation=\"fade\"\n             data-duration=\"300\"\n             data-smooth-scroll=\"true\"\n             data-scroll-offset=\"0\">\n            <button \n                type=\"button\"\n                class=\"read-link\" \n                id=\"readlinkrmwr-69f31dfd886df\"\n                data-open-text=\"Wi\u0119cej\"\n                data-close-text=\"Mniej\"\n                aria-expanded=\"false\"\n                aria-controls=\"readrmwr-69f31dfd886df\"\n                aria-label=\"Wi\u0119cej\"\n            >\n                <span class=\"rmwr-text\">Wi\u0119cej<\/span>\n            <\/button>\n            <div \n                class=\"read_div\" \n                id=\"readrmwr-69f31dfd886df\"\n                aria-hidden=\"true\"\n                data-animation=\"fade\"\n                data-duration=\"300\"\n                style=\"display: none;\"\n            >\n                 Wsp\u00f3\u0142czesne otoczenie bibliotek, kszta\u0142towane przez procesy globalizacyjne, dynamiczny rozw\u00f3j technologii oraz wysoki poziom konkurencji, sk\u0142ania do poszukiwania nowych metod zarz\u0105dzania i narz\u0119dzi marketingowych. Spos\u00f3b zarz\u0105dzania instytucjami bibliotecznymi podlega rozmaitym modyfikacjom, maj\u0105cym swe \u017ar\u00f3d\u0142o w obserwacji otoczenia oraz umiej\u0119tno\u015bci szybkiego reagowania na nowe trendy i zjawiska. Dynamika zmian otoczenia bibliotek i rosn\u0105ce oczekiwania u\u017cytkownik\u00f3w sprawiaj\u0105, \u017ce bibliotekarze poszukuj\u0105 nowych rozwi\u0105za\u0144, wyzwa\u0144 oraz innowacji, kt\u00f3re pozwol\u0105 plac\u00f3wkom i ich ofertom si\u0119 wyr\u00f3\u017cni\u0107. W tym celu na zat\u0142oczonym informacyjnie rynku biblioteki buduj\u0105 rozpoznawalne marki postrzegane jako ich znacz\u0105ce zasoby niematerialne. Celem wyst\u0105pienia jest wyja\u015bnienie i usystematyzowanie poj\u0119\u0107 dotycz\u0105cych marki na gruncie bibliotek akademickich, nast\u0119pnie om\u00f3wienie element\u00f3w kszta\u0142towania \u015bwiadomo\u015bci marki w tych instytucjach oraz metod ich pomiaru. Przedstawione zostan\u0105 wybrane wyniki bada\u0144 poziomu \u015bwiadomo\u015bci marki bibliotecznej w\u015br\u00f3d bibliotekarzy i u\u017cytkownik\u00f3w wybranych polskich oraz brytyjskich bibliotek akademickich.             <\/div>\n        <\/div>\n         <a href=\"http:\/\/1kbsw.p.lodz.pl\/wp-content\/uploads\/2019\/07\/2019-06-Grabowska.pdf\" target=\"_blank\" rel=\"noopener noreferrer\">prezentacja (pdf)<\/a><\/p>\n<hr \/>\n<p><a name=\"grygorowicz\"><\/a><br \/><img loading=\"lazy\" decoding=\"async\" class=\"alignnone wp-image-2014\" src=\"http:\/\/1kbsw.p.lodz.pl\/wp-content\/uploads\/2019\/03\/Grygorowicz.png\" alt=\"\" width=\"200\" height=\"200\" \/><br \/><strong>Anna Grygorowicz<\/strong><br \/>Biblioteka G\u0142\u00f3wna Gda\u0144skiego Uniwersytetu Medycznego<br \/>Biogram         <div class=\"rmwr-wrapper\" \n             data-id=\"rmwr-69f31dfd88700\"\n             data-mode=\"normal\"\n             data-animation=\"fade\"\n             data-duration=\"300\"\n             data-smooth-scroll=\"true\"\n             data-scroll-offset=\"0\">\n            <button \n                type=\"button\"\n                class=\"read-link\" \n                id=\"readlinkrmwr-69f31dfd88700\"\n                data-open-text=\"Wi\u0119cej\"\n                data-close-text=\"Mniej\"\n                aria-expanded=\"false\"\n                aria-controls=\"readrmwr-69f31dfd88700\"\n                aria-label=\"Wi\u0119cej\"\n            >\n                <span class=\"rmwr-text\">Wi\u0119cej<\/span>\n            <\/button>\n            <div \n                class=\"read_div\" \n                id=\"readrmwr-69f31dfd88700\"\n                aria-hidden=\"true\"\n                data-animation=\"fade\"\n                data-duration=\"300\"\n                style=\"display: none;\"\n            >\n                 Dyrektor Biblioteki G\u0142\u00f3wnej Gda\u0144skiego Uniwersytetu Medycznego, starszy kustosz dyplomowany. Absolwentka Politechniki Gda\u0144skiej i podyplomowych studi\u00f3w z zakresu bibliotekoznawstwa i informacji naukowej na Uniwersytecie Gda\u0144skim. Od szeregu lat Przewodnicz\u0105ca Konferencji Dyrektor\u00f3w Bibliotek Uczelni Medycznych oraz cz\u0142onkini Rady Wykonawczej Konferencji Dyrektor\u00f3w Bibliotek Akademickich Szk\u00f3\u0142 Polskich. Interesuje si\u0119 zagadnieniami zwi\u0105zanymi z bibliometri\u0105, ewaluacj\u0105 nauki, dzia\u0142alno\u015bci\u0105 informacyjn\u0105 bibliotek, nowymi rozwi\u0105zaniami technologicznymi, otwieraniem zasob\u00f3w nauki, edukacj\u0105 informacyjn\u0105 u\u017cytkownik\u00f3w. Autorka wielu publikacji i wyst\u0105pie\u0144 konferencyjnych.            <\/div>\n        <\/div>\n        <\/p>\n<p><img loading=\"lazy\" decoding=\"async\" class=\"alignnone wp-image-2015\" src=\"http:\/\/1kbsw.p.lodz.pl\/wp-content\/uploads\/2019\/03\/Milewska-A.png\" alt=\"\" width=\"200\" height=\"200\" \/><br \/><strong>Agnieszka Milewska<\/strong><br \/>Biblioteka G\u0142\u00f3wna Gda\u0144skiego Uniwersytetu Medycznego<br \/>Biogram         <div class=\"rmwr-wrapper\" \n             data-id=\"rmwr-69f31dfd88720\"\n             data-mode=\"normal\"\n             data-animation=\"fade\"\n             data-duration=\"300\"\n             data-smooth-scroll=\"true\"\n             data-scroll-offset=\"0\">\n            <button \n                type=\"button\"\n                class=\"read-link\" \n                id=\"readlinkrmwr-69f31dfd88720\"\n                data-open-text=\"Wi\u0119cej\"\n                data-close-text=\"Mniej\"\n                aria-expanded=\"false\"\n                aria-controls=\"readrmwr-69f31dfd88720\"\n                aria-label=\"Wi\u0119cej\"\n            >\n                <span class=\"rmwr-text\">Wi\u0119cej<\/span>\n            <\/button>\n            <div \n                class=\"read_div\" \n                id=\"readrmwr-69f31dfd88720\"\n                aria-hidden=\"true\"\n                data-animation=\"fade\"\n                data-duration=\"300\"\n                style=\"display: none;\"\n            >\n                 Od 14 lat jest zwi\u0105zana zawodowo z Bibliotek\u0105 G\u0142\u00f3wn\u0105 Gda\u0144skiego Uniwersytetu Medycznego. Obecnie pe\u0142ni funkcj\u0119 kierownika Oddzia\u0142u Udost\u0119pniania Zbior\u00f3w. Interesuje si\u0119 zagadnieniami zwi\u0105zanymi z otwartym dost\u0119pem do zasob\u00f3w nauki oraz nowinkami technologicznymi. Od kilku lat zajmuje si\u0119 prowadzeniem szkole\u0144 dla doktorant\u00f3w w zakresie bibliograficznych i prawnych aspekt\u00f3w publikowania w nauce. Bierze udzia\u0142 w tworzeniu Polskiej Platformy Medycznej \u2013 portalu do zarz\u0105dzania wiedz\u0105 i potencja\u0142em badawczym.             <\/div>\n        <\/div>\n        <\/p>\n<p><img loading=\"lazy\" decoding=\"async\" class=\"alignnone  wp-image-2022\" src=\"http:\/\/1kbsw.p.lodz.pl\/wp-content\/uploads\/2019\/03\/Wisniewska.png\" alt=\"\" width=\"200\" height=\"200\" \/><br \/><strong>Natalia Wi\u015bniewska<\/strong><br \/>Biblioteka G\u0142\u00f3wna Gda\u0144skiego Uniwersytetu Medycznego<br \/>Biogram         <div class=\"rmwr-wrapper\" \n             data-id=\"rmwr-69f31dfd88741\"\n             data-mode=\"normal\"\n             data-animation=\"fade\"\n             data-duration=\"300\"\n             data-smooth-scroll=\"true\"\n             data-scroll-offset=\"0\">\n            <button \n                type=\"button\"\n                class=\"read-link\" \n                id=\"readlinkrmwr-69f31dfd88741\"\n                data-open-text=\"Wi\u0119cej\"\n                data-close-text=\"Mniej\"\n                aria-expanded=\"false\"\n                aria-controls=\"readrmwr-69f31dfd88741\"\n                aria-label=\"Wi\u0119cej\"\n            >\n                <span class=\"rmwr-text\">Wi\u0119cej<\/span>\n            <\/button>\n            <div \n                class=\"read_div\" \n                id=\"readrmwr-69f31dfd88741\"\n                aria-hidden=\"true\"\n                data-animation=\"fade\"\n                data-duration=\"300\"\n                style=\"display: none;\"\n            >\n                 Doktorantka Wydzia\u0142u Biologii Uniwersytetu Gda\u0144skiego, absolwentka studi\u00f3w podyplomowych Biologia S\u0105dowa. Prowadzi badania dotycz\u0105ce analizy tkanki wydzielniczej u kwiat\u00f3w wabi\u0105cych much\u00f3wki. Kierownik trzech projekt\u00f3w naukowych. Autorka publikacji naukowych oraz licznych wyst\u0105pie\u0144 na konferencjach krajowych i mi\u0119dzynarodowych. Od stycznia 2019 roku zwi\u0105zana z Bibliotek\u0105 G\u0142\u00f3wn\u0105 Gda\u0144skiego Uniwersytetu Medycznego, jako cz\u0142onek zespo\u0142u projektu unijnego \u201ePolska Platforma Medyczna: portal zarz\u0105dzania wiedz\u0105 i potencja\u0142em badawczym\u201d, platformy gromadz\u0105cej, prezentuj\u0105cej i promuj\u0105cej osi\u0105gni\u0119cia naukowe na zasadach Open Access.            <\/div>\n        <\/div>\n         <strong>Otwarte dane medyczne \u2013 morze potencja\u0142u, ocean wyzwa\u0144<\/strong>         <div class=\"rmwr-wrapper\" \n             data-id=\"rmwr-69f31dfd88763\"\n             data-mode=\"normal\"\n             data-animation=\"fade\"\n             data-duration=\"300\"\n             data-smooth-scroll=\"true\"\n             data-scroll-offset=\"0\">\n            <button \n                type=\"button\"\n                class=\"read-link\" \n                id=\"readlinkrmwr-69f31dfd88763\"\n                data-open-text=\"Wi\u0119cej\"\n                data-close-text=\"Mniej\"\n                aria-expanded=\"false\"\n                aria-controls=\"readrmwr-69f31dfd88763\"\n                aria-label=\"Wi\u0119cej\"\n            >\n                <span class=\"rmwr-text\">Wi\u0119cej<\/span>\n            <\/button>\n            <div \n                class=\"read_div\" \n                id=\"readrmwr-69f31dfd88763\"\n                aria-hidden=\"true\"\n                data-animation=\"fade\"\n                data-duration=\"300\"\n                style=\"display: none;\"\n            >\n                 Budowana \u2013 przy wykorzystaniu \u015brodk\u00f3w unijnych \u2013serwisu Polska Platforma Medyczna \u2013 portal zarz\u0105dzania wiedz\u0105 i potencja\u0142em badawczym (PPM) przez polskie biblioteki medyczne, wpisuje si\u0119 w realizacj\u0119 zalece\u0144 Komisji Europejskiej w zakresie tworzenia zasob\u00f3w otwartej nauki. PPM b\u0119dzie gromadzi\u0107 i promowa\u0107 dorobek naukowy partner\u00f3w oraz udost\u0119pnia\u0107 go na zasadach Open Access. Zgodnie z przyj\u0119t\u0105 w ramach Projektu u poszczeg\u00f3lnych partner\u00f3w wsp\u00f3ln\u0105 Polityk\u0105 Otwarto\u015bci PPM, zar\u00f3wno lokalne repozytoria, jak i wsp\u00f3lna platforma PPM, maj\u0105 by\u0107 zasilane nie tylko publikacjami, ale r\u00f3wnie\u017c danymi badawczymi. Celem wyst\u0105pienia jest przedstawienie, na podstawie przeprowadzonych bada\u0144 ankietowych, postaw i przekona\u0144 naukowc\u00f3w z instytucji partnerskich wobec otwartych danych medycznych. Postawy te s\u0105 bowiem kluczowe w podejmowaniu indywidualnych decyzji o otwarciu danych i udzieleniu licencji na ponowne ich wykorzystanie. W referacie zostan\u0105 tak\u017ce zaproponowane dzia\u0142ania informacyjno-edukacyjne, jakie powinny zosta\u0107 podj\u0119te w celu przekonania pracownik\u00f3w naukowych do otwarto\u015bci oraz zapewnienia im odpowiedniego wsparcia na r\u00f3\u017cnych etapach pracy badawczej, w tym w szczeg\u00f3lno\u015bci w zakresie szerokiego dzielenia si\u0119 uzyskanymi wynikami.            <\/div>\n        <\/div>\n         <a href=\"http:\/\/1kbsw.p.lodz.pl\/wp-content\/uploads\/2019\/07\/2019-07-Grygorowicz-M-W.pdf\" target=\"_blank\" rel=\"noopener noreferrer\">prezentacja (pdf)<\/a><\/p>\n<hr \/>\n<p><a name=\"kokosinska\"><\/a><br \/><img loading=\"lazy\" decoding=\"async\" class=\"alignnone  wp-image-2016\" src=\"http:\/\/1kbsw.p.lodz.pl\/wp-content\/uploads\/2019\/04\/Kokosinska.png\" alt=\"\" width=\"200\" height=\"200\" \/><br \/><strong>Magdalena Kokosi\u0144ska<\/strong><br \/>Centrum Informacyjno-Biblioteczne Uniwersytetu Medycznego w \u0141odzi<br \/>Biogram         <div class=\"rmwr-wrapper\" \n             data-id=\"rmwr-69f31dfd88784\"\n             data-mode=\"normal\"\n             data-animation=\"fade\"\n             data-duration=\"300\"\n             data-smooth-scroll=\"true\"\n             data-scroll-offset=\"0\">\n            <button \n                type=\"button\"\n                class=\"read-link\" \n                id=\"readlinkrmwr-69f31dfd88784\"\n                data-open-text=\"Wi\u0119cej\"\n                data-close-text=\"Mniej\"\n                aria-expanded=\"false\"\n                aria-controls=\"readrmwr-69f31dfd88784\"\n                aria-label=\"Wi\u0119cej\"\n            >\n                <span class=\"rmwr-text\">Wi\u0119cej<\/span>\n            <\/button>\n            <div \n                class=\"read_div\" \n                id=\"readrmwr-69f31dfd88784\"\n                aria-hidden=\"true\"\n                data-animation=\"fade\"\n                data-duration=\"300\"\n                style=\"display: none;\"\n            >\n                 Bibliotekarz akademicki, pracownik informacji naukowej, redaktor j\u0119zykowy, wolontariusz w bibliotekach r\u00f3\u017cnego typu. Wsp\u00f3\u0142organizator \u0142\u00f3dzkiego rajdu Odjazdowy Bibliotekarz od jego pierwszej edycji.             <\/div>\n        <\/div>\n         Komunikat: <strong>Odjazdowy Bibliotekarz \u2013 ilo\u015b\u0107 znaczy jako\u015b\u0107! <\/strong>         <div class=\"rmwr-wrapper\" \n             data-id=\"rmwr-69f31dfd887a4\"\n             data-mode=\"normal\"\n             data-animation=\"fade\"\n             data-duration=\"300\"\n             data-smooth-scroll=\"true\"\n             data-scroll-offset=\"0\">\n            <button \n                type=\"button\"\n                class=\"read-link\" \n                id=\"readlinkrmwr-69f31dfd887a4\"\n                data-open-text=\"Wi\u0119cej\"\n                data-close-text=\"Mniej\"\n                aria-expanded=\"false\"\n                aria-controls=\"readrmwr-69f31dfd887a4\"\n                aria-label=\"Wi\u0119cej\"\n            >\n                <span class=\"rmwr-text\">Wi\u0119cej<\/span>\n            <\/button>\n            <div \n                class=\"read_div\" \n                id=\"readrmwr-69f31dfd887a4\"\n                aria-hidden=\"true\"\n                data-animation=\"fade\"\n                data-duration=\"300\"\n                style=\"display: none;\"\n            >\n                 Odjazdowy Bibliotekarz w \u0141odzi odb\u0119dzie si\u0119 w tym roku ju\u017c po raz dziesi\u0105ty. Wyst\u0105pienie przedstawi kluczowe za\u0142o\u017cenia akcji oraz jej sukcesy zar\u00f3wno na polu \u0142\u00f3dzkim, jak i og\u00f3lnokrajowym, a nawet mi\u0119dzynarodowym. Zestawione zostan\u0105 ze sob\u0105 dane liczbowe oraz fakty, kt\u00f3re dobitnie wskazuj\u0105, \u017ce w przypadku tego wydarzenia liczba odbywaj\u0105cych si\u0119 co roku rajd\u00f3w ma prze\u0142o\u017cenie na jako\u015b\u0107 organizowanych przy ich okazji wydarze\u0144. Wa\u017cnym aspektem rajd\u00f3w jest te\u017c mi\u0119dzybiblioteczna wsp\u00f3\u0142praca, obejmuj\u0105ca swoim zasi\u0119giem plac\u00f3wki r\u00f3\u017cnego typu: akademickie, publiczne, pedagogiczne, szkolne.             <\/div>\n        <\/div>\n         <a href=\"http:\/\/1kbsw.p.lodz.pl\/wp-content\/uploads\/2019\/07\/2019-06-Kokosinska.pdf\" target=\"_blank\" rel=\"noopener noreferrer\">prezentacja (pdf)<\/a><\/p>\n<hr \/>\n<p><a name=\"marcinek\"><\/a><br \/><img loading=\"lazy\" decoding=\"async\" class=\"alignnone  wp-image-2016\" src=\"http:\/\/1kbsw.p.lodz.pl\/wp-content\/uploads\/2019\/03\/Marzena-2.png\" alt=\"\" width=\"200\" height=\"200\" \/><br \/><strong>Marzena Marcinek<br \/><\/strong>Biblioteka Politechniki Krakowskiej, Stowarzyszenie EBIB<br \/>Biogram         <div class=\"rmwr-wrapper\" \n             data-id=\"rmwr-69f31dfd887c5\"\n             data-mode=\"normal\"\n             data-animation=\"fade\"\n             data-duration=\"300\"\n             data-smooth-scroll=\"true\"\n             data-scroll-offset=\"0\">\n            <button \n                type=\"button\"\n                class=\"read-link\" \n                id=\"readlinkrmwr-69f31dfd887c5\"\n                data-open-text=\"Wi\u0119cej\"\n                data-close-text=\"Mniej\"\n                aria-expanded=\"false\"\n                aria-controls=\"readrmwr-69f31dfd887c5\"\n                aria-label=\"Wi\u0119cej\"\n            >\n                <span class=\"rmwr-text\">Wi\u0119cej<\/span>\n            <\/button>\n            <div \n                class=\"read_div\" \n                id=\"readrmwr-69f31dfd887c5\"\n                aria-hidden=\"true\"\n                data-animation=\"fade\"\n                data-duration=\"300\"\n                style=\"display: none;\"\n            >\n                 Uko\u0144czy\u0142a studia podyplomowe z Informacji Naukowej i Bibliotekoznawstwa na Uniwersytecie Jagiello\u0144skim oraz mi\u0119dzynarodowy kurs podyplomowy z zarz\u0105dzana informacj\u0105. W 2016 r. uczestniczy\u0142a w zaj\u0119ciach European Summer School for Scientometrics w Granadzie. Kieruje Oddzia\u0142em Informacji Naukowej i Zespo\u0142em ds. bibliografii w Bibliotece Politechniki Krakowskiej. Na co dzie\u0144 zajmuje si\u0119 weryfikacj\u0105 danych oraz prac\u0105 koncepcyjn\u0105 zwi\u0105zan\u0105 z lokalnymi bazami bibliograficznymi, w szczeg\u00f3lno\u015bci baz\u0105 \u201eBibliografia Publikacji Pracownik\u00f3w PK\u201d i jej dostosowywaniem do zmieniaj\u0105cych si\u0119 reali\u00f3w prawnych i organizacyjnych. Ponadto prowadzi zaj\u0119cia z podstaw informacji naukowej dla student\u00f3w, doktorant\u00f3w i pracownik\u00f3w uczelni. Redaguje \u201eBiuletyn EBIB\u201d. Interesuje si\u0119 komunikacj\u0105 naukow\u0105.            <\/div>\n        <\/div>\n        <\/p>\n<p><img loading=\"lazy\" decoding=\"async\" class=\"alignnone  wp-image-2019\" src=\"http:\/\/1kbsw.p.lodz.pl\/wp-content\/uploads\/2019\/03\/Sojkowska.png\" alt=\"\" width=\"200\" height=\"200\" \/><br \/><strong>dr Iwona S\u00f3jkowska<\/strong><br \/>Biblioteka Politechniki \u0141\u00f3dzkiej, Stowarzyszenie EBIB<br \/>Biogram         <div class=\"rmwr-wrapper\" \n             data-id=\"rmwr-69f31dfd887e8\"\n             data-mode=\"normal\"\n             data-animation=\"fade\"\n             data-duration=\"300\"\n             data-smooth-scroll=\"true\"\n             data-scroll-offset=\"0\">\n            <button \n                type=\"button\"\n                class=\"read-link\" \n                id=\"readlinkrmwr-69f31dfd887e8\"\n                data-open-text=\"Wi\u0119cej\"\n                data-close-text=\"Mniej\"\n                aria-expanded=\"false\"\n                aria-controls=\"readrmwr-69f31dfd887e8\"\n                aria-label=\"Wi\u0119cej\"\n            >\n                <span class=\"rmwr-text\">Wi\u0119cej<\/span>\n            <\/button>\n            <div \n                class=\"read_div\" \n                id=\"readrmwr-69f31dfd887e8\"\n                aria-hidden=\"true\"\n                data-animation=\"fade\"\n                data-duration=\"300\"\n                style=\"display: none;\"\n            >\n                 Doktor nauk humanistycznych w dziedzinie bibliologii, absolwentka studi\u00f3w podyplomowych \u201eZarz\u0105dzanie jako\u015bci\u0105 w uczelniach\u201d, kustosz dyplomowany. Od 1998 r. zwi\u0105zana z Bibliotek\u0105 Politechniki \u0141\u00f3dzkiej. W 2003 r. zadebiutowa\u0142a prac\u0105 naukowo-badawcz\u0105 prowadz\u0105c badania satysfakcji czytelnik\u00f3w Biblioteki Politechniki \u0141\u00f3dzkiej. Obserwuje rozw\u00f3j bibliotekarstwa i informacji naukowej w macierzystej instytucji oraz w innych bibliotekach w Polsce i na \u015bwiecie. Zainteresowania zawodowe skupia wok\u00f3\u0142 potrzeb u\u017cytkownik\u00f3w i poziomu jako\u015bci ich zaspokajania. Ceni prac\u0119 z czytelnikiem. Obecnie zajmuje si\u0119 wdra\u017caniem jako\u015bciowego podej\u015bcia w funkcjonowaniu biblioteki. Jest (wsp\u00f3\u0142)autork\u0105, (wsp\u00f3\u0142)redaktork\u0105 ponad 60 publikacji, w tym ponad 20 recenzowanych. Prowadzi zaj\u0119cia dydaktyczne dla student\u00f3w, doktorant\u00f3w i pracownik\u00f3w uczelni m.in. z zakresu elektronicznego warsztatu pracy naukowej. Aktywnie uczestniczy w \u017cyciu \u015brodowiska bibliotekarzy. Od 2007 r. jestem cz\u0142onkiem Redakcji EBIB -sekretarzem naukowym i redaktorem \u201eBiuletynu EBIB\u201d, a tak\u017ce redaktorem serii \u201eMateria\u0142y Konferencyjne EBIB\u201d. Od 2015 r. jest prezesem Stowarzyszenia EBIB. Wsp\u00f3\u0142pracuje z bibliotekarzami w Polsce oraz za granic\u0105. Prywatnie interesuje si\u0119 baletem, aktywnie praktykuje jog\u0119.            <\/div>\n        <\/div>\n         <strong>EBIB &#8211; stara mi\u0142o\u015b\u0107 nie rdzewieje <\/strong>         <div class=\"rmwr-wrapper\" \n             data-id=\"rmwr-69f31dfd8880b\"\n             data-mode=\"normal\"\n             data-animation=\"fade\"\n             data-duration=\"300\"\n             data-smooth-scroll=\"true\"\n             data-scroll-offset=\"0\">\n            <button \n                type=\"button\"\n                class=\"read-link\" \n                id=\"readlinkrmwr-69f31dfd8880b\"\n                data-open-text=\"Wi\u0119cej\"\n                data-close-text=\"Mniej\"\n                aria-expanded=\"false\"\n                aria-controls=\"readrmwr-69f31dfd8880b\"\n                aria-label=\"Wi\u0119cej\"\n            >\n                <span class=\"rmwr-text\">Wi\u0119cej<\/span>\n            <\/button>\n            <div \n                class=\"read_div\" \n                id=\"readrmwr-69f31dfd8880b\"\n                aria-hidden=\"true\"\n                data-animation=\"fade\"\n                data-duration=\"300\"\n                style=\"display: none;\"\n            >\n                Redaktorki serwisu EBIB przypomn\u0105 najwa\u017cniejsze przedsi\u0119wzi\u0119cia realizowane przez Stowarzyszenie EBIB na rzecz informacyjno-bibliotecznego \u015brodowiska bibliotekarzy akademickich w Polsce. Poka\u017c\u0105 tak\u017ce EBIB &#8222;od kuchni&#8221;: ludzi, kt\u00f3rzy z pasj\u0105 tworz\u0105 serwis, narz\u0119dzia, z kt\u00f3rych korzystaj\u0105, inspiruj\u0105ce pomys\u0142y, kt\u00f3re nie zawsze udaje si\u0119 wprowadzi\u0107 w \u017cycie. Powiedz\u0105 te\u017c o czytelnikach \u201eBiuletynu EBIB\u201d i u\u017cytkownikach serwisu, bez kt\u00f3rych EBIB nie mia\u0142by racji bytu. Wyst\u0105pienie jest zach\u0119t\u0105 do dyskusji o oczekiwaniach \u015brodowiska akademickiego wobec EBIB-u, kt\u00f3ry w tym roku obchodzi 20 urodziny.            <\/div>\n        <\/div>\n        <br \/><a href=\"http:\/\/1kbsw.p.lodz.pl\/wp-content\/uploads\/2019\/07\/2019-07-Marcinek-Sojkowska.pdf\" target=\"_blank\" rel=\"noopener noreferrer\">prezentacja (pdf)<\/a><\/p>\n<hr \/>\n<p><a name=\"milewska-p\"><\/a><br \/><img loading=\"lazy\" decoding=\"async\" class=\"alignnone  wp-image-2017\" src=\"http:\/\/1kbsw.p.lodz.pl\/wp-content\/uploads\/2019\/03\/Milewska2.png\" alt=\"\" width=\"202\" height=\"202\" \/><br \/><strong>Paulina Milewska<br \/><\/strong>Centrum Informacyjno-Bibliotecznym Uniwersytetu Medycznego w \u0141odzi<br \/>Biogram         <div class=\"rmwr-wrapper\" \n             data-id=\"rmwr-69f31dfd88836\"\n             data-mode=\"normal\"\n             data-animation=\"fade\"\n             data-duration=\"300\"\n             data-smooth-scroll=\"true\"\n             data-scroll-offset=\"0\">\n            <button \n                type=\"button\"\n                class=\"read-link\" \n                id=\"readlinkrmwr-69f31dfd88836\"\n                data-open-text=\"Wi\u0119cej\"\n                data-close-text=\"Mniej\"\n                aria-expanded=\"false\"\n                aria-controls=\"readrmwr-69f31dfd88836\"\n                aria-label=\"Wi\u0119cej\"\n            >\n                <span class=\"rmwr-text\">Wi\u0119cej<\/span>\n            <\/button>\n            <div \n                class=\"read_div\" \n                id=\"readrmwr-69f31dfd88836\"\n                aria-hidden=\"true\"\n                data-animation=\"fade\"\n                data-duration=\"300\"\n                style=\"display: none;\"\n            >\n                 Specjalistka ds. promocji, animatorka czytelnictwa, bibliotekarka, miejska rowerzystka. Autorka licznych artyku\u0142\u00f3w (ponad 50 tekst\u00f3w fachowych i naukowych), trenerka prowadz\u0105ca warsztaty dla bibliotekarzy, prelegentka na ponad 25 konferencjach og\u00f3lnopolskich.<br \/>Obecnie pracuje w Centrum Informacyjno-Bibliotecznym UM w \u0141odzi jako specjalistka ds. marketingu oraz w organizacji pozarz\u0105dowej &#8211; cz\u0142onkini zarz\u0105du Fundacji Fenomen, koordynatorka projekt\u00f3w z zakresu kultury. Pomys\u0142odawczyni i realizatorka kampanii Odjazdowy Bibliotekarz (od 2010 r.), Bicycool Library (od 2012 r.). Koordynatorka projektu \u201cBiblioskan. Kontrola obywatelska w \u0142\u00f3dzkich bibliotekach publicznych\u201d. Posiada do\u015bwiadczenie w PR i marketingu, a tak\u017ce w zarz\u0105dzaniu projektami.             <\/div>\n        <\/div>\n         <strong>Zaprojektuj, zaplanuj, zrealizuj &#8211; budowanie strategii komunikacji a to\u017csamo\u015b\u0107 biblioteki akademickiej<\/strong>         <div class=\"rmwr-wrapper\" \n             data-id=\"rmwr-69f31dfd8885a\"\n             data-mode=\"normal\"\n             data-animation=\"fade\"\n             data-duration=\"300\"\n             data-smooth-scroll=\"true\"\n             data-scroll-offset=\"0\">\n            <button \n                type=\"button\"\n                class=\"read-link\" \n                id=\"readlinkrmwr-69f31dfd8885a\"\n                data-open-text=\"Wi\u0119cej\"\n                data-close-text=\"Mniej\"\n                aria-expanded=\"false\"\n                aria-controls=\"readrmwr-69f31dfd8885a\"\n                aria-label=\"Wi\u0119cej\"\n            >\n                <span class=\"rmwr-text\">Wi\u0119cej<\/span>\n            <\/button>\n            <div \n                class=\"read_div\" \n                id=\"readrmwr-69f31dfd8885a\"\n                aria-hidden=\"true\"\n                data-animation=\"fade\"\n                data-duration=\"300\"\n                style=\"display: none;\"\n            >\n                 Wizerunek instytucji zale\u017cy od wielu czynnik\u00f3w. Biblioteki akademickie podejmuj\u0105 szereg dzia\u0142a\u0144 maj\u0105cych na celu poprawienie tego, w jaki spos\u00f3b s\u0105 postrzegane przez swoje otoczenie zar\u00f3wno w wymiarze realnym, jak i wirtualnym. Stosuj\u0105 przer\u00f3\u017cne metody kreowania pozytywnego wizerunku instytucji, podejmuj\u0105c si\u0119 w du\u017cej mierze realizacji dzia\u0142a\u0144 charakterystycznych dla sektora komercyjnego. Jednocze\u015bnie dopasowuj\u0105 swoje dzia\u0142ania do reali\u00f3w funkcjonowania instytucji o charakterze non-profit. W referacie zostan\u0105 przedstawione narz\u0119dzia wykorzystywane do budowania marki oraz sposoby ich zastosowania w bibliotekach akademickich. U\u017cycie ich mo\u017ce stanowi\u0107 podstaw\u0119 do szerszego spojrzenia na to\u017csamo\u015b\u0107 biblioteki akademickiej i wypracowania strategii komunikacji.             <\/div>\n        <\/div>\n        <\/p>\n<hr \/>\n<p><a name=\"radwan\"><\/a><br \/><img loading=\"lazy\" decoding=\"async\" class=\"alignnone  wp-image-2020\" src=\"http:\/\/1kbsw.p.lodz.pl\/wp-content\/uploads\/2019\/04\/Radwan.png\" alt=\"\" width=\"200\" height=\"200\" \/><br \/><strong>Jacek Marek Radwan<\/strong><br \/>Biblioteka im. prof. Lecha Kalinowskiego<br \/>Biogram         <div class=\"rmwr-wrapper\" \n             data-id=\"rmwr-69f31dfd8887d\"\n             data-mode=\"normal\"\n             data-animation=\"fade\"\n             data-duration=\"300\"\n             data-smooth-scroll=\"true\"\n             data-scroll-offset=\"0\">\n            <button \n                type=\"button\"\n                class=\"read-link\" \n                id=\"readlinkrmwr-69f31dfd8887d\"\n                data-open-text=\"Wi\u0119cej\"\n                data-close-text=\"Mniej\"\n                aria-expanded=\"false\"\n                aria-controls=\"readrmwr-69f31dfd8887d\"\n                aria-label=\"Wi\u0119cej\"\n            >\n                <span class=\"rmwr-text\">Wi\u0119cej<\/span>\n            <\/button>\n            <div \n                class=\"read_div\" \n                id=\"readrmwr-69f31dfd8887d\"\n                aria-hidden=\"true\"\n                data-animation=\"fade\"\n                data-duration=\"300\"\n                style=\"display: none;\"\n            >\n                 Absolwent Uniwersytetu Jagiello\u0144skiego \u2013 Wydzia\u0142u Prawa i Administracji w zakresie Administracji samorz\u0105dowej oraz Wydzia\u0142u Zarz\u0105dzania i Komunikacji Spo\u0142ecznej na kierunku Zarz\u0105dzanie i Marketing, specjalno\u015b\u0107 Zarz\u0105dzanie Jako\u015bci\u0105 \u2013 Kszta\u0142cenie Mened\u017cer\u00f3w Jako\u015bci. Kierownik Biblioteki Instytutu Historii Sztuki im. Lecha Kalinowskiego Uniwersytetu Jagiello\u0144skiego. Wyk\u0142adowca akademicki, ekspert wiod\u0105cy Narodowego Instytutu Samorz\u0105du Terytorialnego oraz Ministerstwa Spraw Wewn\u0119trznych i Administracji w zakresie jako\u015bci zastosowania Metody CAF, broker informacji. Od 32 lat pracuje w s\u0142u\u017cbie bibliotecznej Uniwersytetu Jagiello\u0144skiego. Autor kilkunastu artyku\u0142\u00f3w naukowych w dziedzinie zarz\u0105dzania (zarz\u0105dzania jako\u015bci\u0105 zarz\u0105dzania wiedz\u0105, zarz\u0105dzania informacj\u0105) w organizacjach publicznych (administracji publicznej, bibliotekach i muzeach).            <\/div>\n        <\/div>\n         <strong>Zarz\u0105dzanie zasobami ludzkimi w bibliotece akademickiej w \u015bwietle kryteri\u00f3w Modelu Wsp\u00f3lnej Oceny (CAF)<\/strong>         <div class=\"rmwr-wrapper\" \n             data-id=\"rmwr-69f31dfd888a0\"\n             data-mode=\"normal\"\n             data-animation=\"fade\"\n             data-duration=\"300\"\n             data-smooth-scroll=\"true\"\n             data-scroll-offset=\"0\">\n            <button \n                type=\"button\"\n                class=\"read-link\" \n                id=\"readlinkrmwr-69f31dfd888a0\"\n                data-open-text=\"Wi\u0119cej\"\n                data-close-text=\"Mniej\"\n                aria-expanded=\"false\"\n                aria-controls=\"readrmwr-69f31dfd888a0\"\n                aria-label=\"Wi\u0119cej\"\n            >\n                <span class=\"rmwr-text\">Wi\u0119cej<\/span>\n            <\/button>\n            <div \n                class=\"read_div\" \n                id=\"readrmwr-69f31dfd888a0\"\n                aria-hidden=\"true\"\n                data-animation=\"fade\"\n                data-duration=\"300\"\n                style=\"display: none;\"\n            >\n                 Celem wyst\u0105pienia jest zapoznanie uczestnik\u00f3w konferencji z mo\u017cliwo\u015bci\u0105 zastosowania Wsp\u00f3lnej Metody Oceny (CAF) w systemie zarz\u0105dzania bibliotek\u0105 akademick\u0105. W referacie zostan\u0105 zaprezentowane praktyczne mo\u017cliwo\u015bci implementacji metody do biblioteki na przyk\u0142adzie kryterium trzeciego metody \u201ePracownicy\u201d oraz funkcjonowanie metody w polskim sektorze publicznym, w tym jako elementu kontroli zarz\u0105dczej w jednostkach sektora finans\u00f3w publicznych. Wsp\u00f3lna Metoda Oceny (ang. The Common Assessment Framework- CAF), jest to narz\u0119dzie zarz\u0105dzania jako\u015bci\u0105 oparte na filozofii kompleksowego zarz\u0105dzania jako\u015bci\u0105 (TQM) dedykowane organizacjom sektora publicznego, m.in. bibliotekom akademickim. Metodologia metody oparta jest na za\u0142o\u017ceniu, \u017ce osi\u0105ganie cel\u00f3w organizacji jest uzyskiwane dzi\u0119ki przyw\u00f3dztwu ukierunkowanemu na strategi\u0119 i planowanie, pracownik\u00f3w, partnerstwo, zasoby oraz procesy. S\u0105 to tzw. kryteria potencja\u0142u modelu, oceniane w odniesieniu do osi\u0105gni\u0119\u0107 organizacji zdefiniowanych ramach w tzw. kryteri\u00f3w wynik\u00f3w. Zarz\u0105dzanie zasobami, w tym zasobami ludzkimi to wa\u017cny element funkcjonowania ka\u017cdej biblioteki. Samoocena funkcjonowania organizacji z wykorzystaniem metody CAF w tym obszarze mo\u017ce si\u0119 przyczyni\u0107 istotnie si\u0119 do wdro\u017cenia wielu usprawnie\u0144 i doskona\u0142o\u015bci w dzia\u0142aniu.            <\/div>\n        <\/div>\n         <a href=\"http:\/\/1kbsw.p.lodz.pl\/wp-content\/uploads\/2019\/07\/2019-07-Radwan.pdf\" target=\"_blank\" rel=\"noopener noreferrer\">prezentacja (pdf)<\/a><\/p>\n<hr \/>\n<p><a name=\"seiffert\"><\/a><br \/><img loading=\"lazy\" decoding=\"async\" class=\"alignnone  wp-image-2020\" src=\"http:\/\/1kbsw.p.lodz.pl\/wp-content\/uploads\/2019\/04\/Seiffert.png\" alt=\"\" width=\"200\" height=\"200\" \/><br \/><strong>Justyna Seiffert<\/strong><br \/>Biblioteka \u015al\u0105skiego Uniwersytetu Medycznego w Katowicach<br \/>Biogram         <div class=\"rmwr-wrapper\" \n             data-id=\"rmwr-69f31dfd888c0\"\n             data-mode=\"normal\"\n             data-animation=\"fade\"\n             data-duration=\"300\"\n             data-smooth-scroll=\"true\"\n             data-scroll-offset=\"0\">\n            <button \n                type=\"button\"\n                class=\"read-link\" \n                id=\"readlinkrmwr-69f31dfd888c0\"\n                data-open-text=\"Wi\u0119cej\"\n                data-close-text=\"Mniej\"\n                aria-expanded=\"false\"\n                aria-controls=\"readrmwr-69f31dfd888c0\"\n                aria-label=\"Wi\u0119cej\"\n            >\n                <span class=\"rmwr-text\">Wi\u0119cej<\/span>\n            <\/button>\n            <div \n                class=\"read_div\" \n                id=\"readrmwr-69f31dfd888c0\"\n                aria-hidden=\"true\"\n                data-animation=\"fade\"\n                data-duration=\"300\"\n                style=\"display: none;\"\n            >\n                 Autorka od 2001 roku zwi\u0105zana z Bibliotek\u0105 \u015al\u0105skiego Uniwersytetu Medycznego w Katowicach; Kierownik Dzia\u0142u Gromadzenia i Opracowania Zbior\u00f3w oraz p.o. Zast\u0119pcy Dyrektora Biblioteki SUM; zainteresowania autorki koncentruj\u0105 si\u0119 wok\u00f3\u0142 zasob\u00f3w elektronicznych w bibliotekach naukowych.             <\/div>\n        <\/div>\n         Komunikat: <strong>Kszta\u0142towanie kolekcji na podstawie statystyk wykorzystania zasob\u00f3w online<\/strong>         <div class=\"rmwr-wrapper\" \n             data-id=\"rmwr-69f31dfd888e0\"\n             data-mode=\"normal\"\n             data-animation=\"fade\"\n             data-duration=\"300\"\n             data-smooth-scroll=\"true\"\n             data-scroll-offset=\"0\">\n            <button \n                type=\"button\"\n                class=\"read-link\" \n                id=\"readlinkrmwr-69f31dfd888e0\"\n                data-open-text=\"Wi\u0119cej\"\n                data-close-text=\"Mniej\"\n                aria-expanded=\"false\"\n                aria-controls=\"readrmwr-69f31dfd888e0\"\n                aria-label=\"Wi\u0119cej\"\n            >\n                <span class=\"rmwr-text\">Wi\u0119cej<\/span>\n            <\/button>\n            <div \n                class=\"read_div\" \n                id=\"readrmwr-69f31dfd888e0\"\n                aria-hidden=\"true\"\n                data-animation=\"fade\"\n                data-duration=\"300\"\n                style=\"display: none;\"\n            >\n                 W komunikacie zostanie przedstawione wykorzystanie w Bibliotece SUM informacji zawartych w raportach dost\u0119pnych poprzez konta administracyjne serwis\u00f3w zasob\u00f3w elektronicznych w podejmowaniu decyzji o odnowieniu prenumeraty, rezygnacji z niej czy te\u017c rozpocz\u0119ciu prenumeraty nowych zasob\u00f3w.            <\/div>\n        <\/div>\n         <a href=\"https:\/\/prezi.com\/2obg0ouzwxku\/ksztatowanie-kolekcji-na-podstawie-statystyk-wykorzystania\/\" target=\"_blank\" rel=\"noopener noreferrer\">prezentacja (link do Prezi)<\/a><\/p>\n<hr \/>\n<p><a name=\"strzelczyk\"><\/a><br \/><img loading=\"lazy\" decoding=\"async\" class=\"alignnone  wp-image-2020\" src=\"http:\/\/1kbsw.p.lodz.pl\/wp-content\/uploads\/2019\/03\/Strzelczyk.png\" alt=\"\" width=\"200\" height=\"200\" \/><br \/><strong>Edyta Strzelczyk<\/strong><br \/>Biblioteka G\u0142\u00f3wna Politechniki Warszawskiej<br \/>Biogram         <div class=\"rmwr-wrapper\" \n             data-id=\"rmwr-69f31dfd88901\"\n             data-mode=\"normal\"\n             data-animation=\"fade\"\n             data-duration=\"300\"\n             data-smooth-scroll=\"true\"\n             data-scroll-offset=\"0\">\n            <button \n                type=\"button\"\n                class=\"read-link\" \n                id=\"readlinkrmwr-69f31dfd88901\"\n                data-open-text=\"Wi\u0119cej\"\n                data-close-text=\"Mniej\"\n                aria-expanded=\"false\"\n                aria-controls=\"readrmwr-69f31dfd88901\"\n                aria-label=\"Wi\u0119cej\"\n            >\n                <span class=\"rmwr-text\">Wi\u0119cej<\/span>\n            <\/button>\n            <div \n                class=\"read_div\" \n                id=\"readrmwr-69f31dfd88901\"\n                aria-hidden=\"true\"\n                data-animation=\"fade\"\n                data-duration=\"300\"\n                style=\"display: none;\"\n            >\n                 Uko\u0144czy\u0142a studia magisterskie w Instytucie Informacji Naukowej i Studi\u00f3w Bibliologicznych oraz studia licencjackie na kierunku Socjologia na Uniwersytecie Warszawskim. Od 2011 roku pracuje jako bibliotekarz w Oddziale Udost\u0119pniania i Przechowywania Zbior\u00f3w w Bibliotece G\u0142\u00f3wne PW. Jej zainteresowania zawodowe skupiaj\u0105 si\u0119 wok\u00f3\u0142 statystyki bibliotecznej, analiz efektywno\u015bci i jako\u015bci pracy bibliotek oraz udost\u0119pniania wynik\u00f3w prac badawczych w otwartych zasobach. Cz\u0142onek Zespo\u0142u SBP ds. badania efektywno\u015bci bibliotek oraz konsultant Zespo\u0142u ds. Standard\u00f3w dla Bibliotek Naukowych. Wsp\u00f3\u0142autorka poradnika Jak przeprowadzi\u0107 badania satysfakcji u\u017cytkownik\u00f3w biblioteki? Poradnik dla bibliotekarzy oraz licznych materia\u0142\u00f3w pomocniczych s\u0142u\u017c\u0105cych do realizacji tych bada\u0144.             <\/div>\n        <\/div>\n         <strong>Zmierzy\u0107 niemierzalne \u2013 pomiar satysfakcji u\u017cytkownik\u00f3w oraz badania wp\u0142ywu i warto\u015bci bibliotek akademickich <\/strong>         <div class=\"rmwr-wrapper\" \n             data-id=\"rmwr-69f31dfd88923\"\n             data-mode=\"normal\"\n             data-animation=\"fade\"\n             data-duration=\"300\"\n             data-smooth-scroll=\"true\"\n             data-scroll-offset=\"0\">\n            <button \n                type=\"button\"\n                class=\"read-link\" \n                id=\"readlinkrmwr-69f31dfd88923\"\n                data-open-text=\"Wi\u0119cej\"\n                data-close-text=\"Mniej\"\n                aria-expanded=\"false\"\n                aria-controls=\"readrmwr-69f31dfd88923\"\n                aria-label=\"Wi\u0119cej\"\n            >\n                <span class=\"rmwr-text\">Wi\u0119cej<\/span>\n            <\/button>\n            <div \n                class=\"read_div\" \n                id=\"readrmwr-69f31dfd88923\"\n                aria-hidden=\"true\"\n                data-animation=\"fade\"\n                data-duration=\"300\"\n                style=\"display: none;\"\n            >\n                Tradycyjne modele oceny jako\u015bci i funkcjonalno\u015bci bibliotek bazuj\u0105 g\u0142\u00f3wnie na wykorzystywaniu danych statystycznych i wska\u017anik\u00f3w. Zacz\u0119to dostrzega\u0107 potrzeb\u0119 rozszerzenia tych wzorc\u00f3w uwzgl\u0119dniaj\u0105c zar\u00f3wno odbiorc\u00f3w us\u0142ug, jak i \u015brodowisko, w kt\u00f3rym biblioteki funkcjonuj\u0105. Badania, kt\u00f3re umo\u017cliwiaj\u0105 wyznaczenie wska\u017anika \u201eSatysfakcja u\u017cytkownik\u00f3w\u201d oraz analiz\u0119 potrzeb i oczekiwa\u0144 klient\u00f3w bibliotek, zosta\u0142y wprowadzone do projektu AFBN w 2016 roku. Opieraj\u0105c si\u0119 na zebranych do\u015bwiadczeniach i opiniach bibliotek, kt\u00f3re zrealizowa\u0142y badania w swoich instytucjach, dokonano rewizji wykorzystywanych materia\u0142\u00f3w oraz narz\u0119dzi. O ile temat bada\u0144 satysfakcji u\u017cytkownik\u00f3w zosta\u0142y podj\u0119ty, dobrze opracowany i przygotowany do wdro\u017cenia na gruncie polskim, o tyle badanie wp\u0142ywu i warto\u015bci bibliotek to zagadnienie nowe. Obszary bada\u0144 oddzia\u0142ywania bibliotek s\u0105 szerokie i zale\u017c\u0105 m.in. od grup odbiorc\u00f3w, realizowanych us\u0142ug i zasob\u00f3w, \u015brodowiska, w kt\u00f3rym biblioteka funkcjonuje. Wiedz\u0119 na ten temat mo\u017cna czerpa\u0107 z mi\u0119dzynarodowych zalece\u0144 (ISO 16439) oraz przedsi\u0119wzi\u0119\u0107 realizowanych w innych krajach. Celem wyst\u0105pienia jest przedstawienie zmian i udoskonale\u0144, kt\u00f3re zasz\u0142y w narz\u0119dziach, metodzie oraz wyznaczonych procedurach realizacji bada\u0144 satysfakcji u\u017cytkownik\u00f3w. Jako przyczynek do dalszych dyskusji zostanie om\u00f3wione zagadnienie badania wp\u0142ywu i warto\u015bci bibliotek, pr\u00f3ba zdefiniowania tych poj\u0119\u0107, przedstawienie wykorzystywanych modeli i strategii badawczych.             <\/div>\n        <\/div>\n         <a href=\"http:\/\/1kbsw.p.lodz.pl\/wp-content\/uploads\/2019\/07\/2019-07-Strzelczyk.pdf\" target=\"_blank\" rel=\"noopener noreferrer\">prezentacja (pdf)<\/a><br \/><a name=\"szafranski\"><\/a><br \/><img loading=\"lazy\" decoding=\"async\" class=\"alignnone  wp-image-2018\" src=\"http:\/\/1kbsw.p.lodz.pl\/wp-content\/uploads\/2019\/03\/Szafranski.png\" alt=\"\" width=\"200\" height=\"200\" \/><br \/><strong>dr Leszek Szafra\u0144ski<\/strong><br \/>Uniwersytet Jagiello\u0144ski, Biblioteka Jagiello\u0144ska<br \/>Biogram         <div class=\"rmwr-wrapper\" \n             data-id=\"rmwr-69f31dfd8894d\"\n             data-mode=\"normal\"\n             data-animation=\"fade\"\n             data-duration=\"300\"\n             data-smooth-scroll=\"true\"\n             data-scroll-offset=\"0\">\n            <button \n                type=\"button\"\n                class=\"read-link\" \n                id=\"readlinkrmwr-69f31dfd8894d\"\n                data-open-text=\"Wi\u0119cej\"\n                data-close-text=\"Mniej\"\n                aria-expanded=\"false\"\n                aria-controls=\"readrmwr-69f31dfd8894d\"\n                aria-label=\"Wi\u0119cej\"\n            >\n                <span class=\"rmwr-text\">Wi\u0119cej<\/span>\n            <\/button>\n            <div \n                class=\"read_div\" \n                id=\"readrmwr-69f31dfd8894d\"\n                aria-hidden=\"true\"\n                data-animation=\"fade\"\n                data-duration=\"300\"\n                style=\"display: none;\"\n            >\n                 Doktor nauk humanistycznych. Pe\u0142ni funkcj\u0119 kierownika Oddzia\u0142u Zbior\u00f3w Cyfrowych Biblioteki Jagiello\u0144skiej, kierownika Sekcji Repozytorium Uniwersytetu Jagiello\u0144skiego oraz mened\u017cera Bibliografii Publikacji Pracownik\u00f3w Uniwersytetu Jagiello\u0144skiego. Wyk\u0142adowca na Uniwersytecie Jagiello\u0144skim i szkoleniowiec. Ma\u0142opolski Bibliotekarz Roku 2018. Sprawuje nadz\u00f3r merytoryczny nad pracami wykonywanymi w ramach tworzenia i zarz\u0105dzania: Jagiello\u0144sk\u0105 Bibliotek\u0105 Cyfrow\u0105, Repozytorium Uniwersytetu Jagiello\u0144skiego oraz udost\u0119pniania i opracowania zbior\u00f3w cyfrowych. Uczestniczy\u0142 w pracach Zespo\u0142u doradczego MNiSW do spraw otwartego dost\u0119pu do tre\u015bci naukowych. Bierze udzia\u0142 w pracach grupy eksperckiej Open Science Working Group sieci The Guild of European Research-Intensive Universities. Jego zainteresowania koncentruj\u0105 si\u0119 wok\u00f3\u0142 zagadnie\u0144 dotycz\u0105cych zarz\u0105dzania zasobami cyfrowymi, d\u0142ugoterminowej archiwizacji, otwartego dost\u0119pu do nauki, projektowania system\u00f3w informacyjnych oraz wykorzystania nowoczesnych technologii w bibliotekach.<br \/>Autor publikacji naukowych i popularyzatorskich z zakresu zarz\u0105dzania informacj\u0105 oraz tworzenia bibliotek cyfrowych i repozytori\u00f3w, w tym ksi\u0105\u017cki pt. \u201eZarz\u0105dzanie zasobami dokument\u00f3w elektronicznych w instytucjonalnych repozytoriach akademickich\u201d (Warszawa 2019).             <\/div>\n        <\/div>\n        <br \/><strong>Umowy transformacyjne (transformative agreements) w kontek\u015bcie otwartego dost\u0119pu do wynik\u00f3w bada\u0144 naukowych<\/strong>         <div class=\"rmwr-wrapper\" \n             data-id=\"rmwr-69f31dfd88973\"\n             data-mode=\"normal\"\n             data-animation=\"fade\"\n             data-duration=\"300\"\n             data-smooth-scroll=\"true\"\n             data-scroll-offset=\"0\">\n            <button \n                type=\"button\"\n                class=\"read-link\" \n                id=\"readlinkrmwr-69f31dfd88973\"\n                data-open-text=\"Wi\u0119cej\"\n                data-close-text=\"Mniej\"\n                aria-expanded=\"false\"\n                aria-controls=\"readrmwr-69f31dfd88973\"\n                aria-label=\"Wi\u0119cej\"\n            >\n                <span class=\"rmwr-text\">Wi\u0119cej<\/span>\n            <\/button>\n            <div \n                class=\"read_div\" \n                id=\"readrmwr-69f31dfd88973\"\n                aria-hidden=\"true\"\n                data-animation=\"fade\"\n                data-duration=\"300\"\n                style=\"display: none;\"\n            >\n                 Przez ostatnie lata otwarty dost\u0119p rozwija\u0142 si\u0119 bardzo dynamicznie na \u015bwiecie. Wiele kraj\u00f3w wdro\u017cy\u0142o polityki otwartego dost\u0119pu i tworzy\u0142o r\u00f3\u017cne \u015bcie\u017cki upubliczniania wynik\u00f3w bada\u0144 naukowych. Powsta\u0142o wiele zasad i wytycznych z tym zwi\u0105zanych m. in. Plan S, kt\u00f3rego celem jest wdro\u017cenie od 2020 roku pe\u0142nego i nieograniczonego dost\u0119pu do publikacji powstaj\u0105cych z wynik\u00f3w bada\u0144 finansowanych ze \u015brodk\u00f3w publicznych. Z wprowadzeniem tego typu dzia\u0142a\u0144 zwi\u0105zane jest podpisywanie, a w szczeg\u00f3lno\u015bci przekszta\u0142canie dotychczasowych um\u00f3w z wydawcami na umowy oparte na zasadach otwartego dost\u0119pu (ang.: transformative agreements). Tworzone s\u0105 standardy pozwalaj\u0105ce na wsparcie konsorcj\u00f3w krajowych i bibliotek w negocjowaniu wdra\u017cania nowego typu um\u00f3w np. pi\u0119\u0107 zasad negocjacji z wydawcami LIBER (Ligue des Biblioth\u00e8ques Europ\u00e9ennes de Recherche &#8211; Stowarzyszenie Europejskich Bibliotek Naukowych). Celem referatu jest przedstawienie dobrych praktyk i przybli\u017cenie dzia\u0142a\u0144 realizowanych na \u015bwiecie w zakresie wprowadzania strategii otwartego dost\u0119pu, a w szczeg\u00f3lno\u015bci polityk wybranych kraj\u00f3w Unii Europejskiej w negocjacjach z wydawcami naukowymi, kt\u00f3re mog\u0105 sta\u0107 si\u0119 inspiracj\u0105 do dzia\u0142a\u0144 zwi\u0105zanych z otwarto\u015bci\u0105 w nauce realizowanych w Polsce.            <\/div>\n        <\/div>\n         <a href=\"http:\/\/1kbsw.p.lodz.pl\/wp-content\/uploads\/2019\/07\/2019-07-Szafranski.pdf\" target=\"_blank\" rel=\"noopener noreferrer\">prezentacja (pdf)<\/a><\/p>\n<hr \/>\n<p><a name=\"szczucinska\"><\/a><br \/><img loading=\"lazy\" decoding=\"async\" class=\"alignnone  wp-image-2021\" src=\"http:\/\/1kbsw.p.lodz.pl\/wp-content\/uploads\/2019\/03\/Szczucinska.png\" alt=\"\" width=\"200\" height=\"200\" \/><br \/><strong>Paulina Szczuci\u0144ska<\/strong><br \/>Fundacja OpenStax Poland<br \/>Biogram         <div class=\"rmwr-wrapper\" \n             data-id=\"rmwr-69f31dfd88996\"\n             data-mode=\"normal\"\n             data-animation=\"fade\"\n             data-duration=\"300\"\n             data-smooth-scroll=\"true\"\n             data-scroll-offset=\"0\">\n            <button \n                type=\"button\"\n                class=\"read-link\" \n                id=\"readlinkrmwr-69f31dfd88996\"\n                data-open-text=\"Wi\u0119cej\"\n                data-close-text=\"Mniej\"\n                aria-expanded=\"false\"\n                aria-controls=\"readrmwr-69f31dfd88996\"\n                aria-label=\"Wi\u0119cej\"\n            >\n                <span class=\"rmwr-text\">Wi\u0119cej<\/span>\n            <\/button>\n            <div \n                class=\"read_div\" \n                id=\"readrmwr-69f31dfd88996\"\n                aria-hidden=\"true\"\n                data-animation=\"fade\"\n                data-duration=\"300\"\n                style=\"display: none;\"\n            >\n                 Absolwentka Wydzia\u0142u Fizyki na Uniwersytecie Warszawskim. Przez wiele lat zwi\u0105zana z markami z bran\u017cy popularyzacji nauki i edukacji: Scientific American, National Geographic, a obecnie OpenStax, fundacj\u0105 non profit i najwi\u0119kszym w USA wydawc\u0105 darmowych podr\u0119cznik\u00f3w akademickich. Kieruje projektami w Fundacji OpenStax Poland, kt\u00f3re maj\u0105 na celu dostarczenie polskim studentom darmowych i rzetelnych podr\u0119cznik\u00f3w udost\u0119pnianych na otwartej licencji oraz budowanie udogodnie\u0144 informatycznych u\u0142atwiaj\u0105cych proces uczenia si\u0119 i przekazywania wiedzy.             <\/div>\n        <\/div>\n         <strong>Otwarty dost\u0119p do podr\u0119cznik\u00f3w akademickich <\/strong>        <div class=\"rmwr-wrapper\" \n             data-id=\"rmwr-69f31dfd889b7\"\n             data-mode=\"normal\"\n             data-animation=\"fade\"\n             data-duration=\"300\"\n             data-smooth-scroll=\"true\"\n             data-scroll-offset=\"0\">\n            <button \n                type=\"button\"\n                class=\"read-link\" \n                id=\"readlinkrmwr-69f31dfd889b7\"\n                data-open-text=\"Wi\u0119cej\"\n                data-close-text=\"Mniej\"\n                aria-expanded=\"false\"\n                aria-controls=\"readrmwr-69f31dfd889b7\"\n                aria-label=\"Wi\u0119cej\"\n            >\n                <span class=\"rmwr-text\">Wi\u0119cej<\/span>\n            <\/button>\n            <div \n                class=\"read_div\" \n                id=\"readrmwr-69f31dfd889b7\"\n                aria-hidden=\"true\"\n                data-animation=\"fade\"\n                data-duration=\"300\"\n                style=\"display: none;\"\n            >\n                Otwarty dost\u0119p do materia\u0142\u00f3w dydaktycznych wysokiej jako\u015bci to przysz\u0142o\u015b\u0107 edukacji. Jedn\u0105 z rozwijaj\u0105cych si\u0119 w szybkim tempie platform udost\u0119pniaj\u0105cych darmowe podr\u0119czniki akademickie jest OpenStax.org, na kt\u00f3rej opublikowano zgodnie z zachowaniem najwy\u017cszych standard\u00f3w wydawniczych 29 obszernych angloj\u0119zycznych podr\u0119cznik\u00f3w, m.in. do anatomii i fizjologii, chemii, biologii, astronomii, statystyki czy psychologii. Od pocz\u0105tku roku akademickiego 2018\/19 na platformie dost\u0119pna jest tak\u017ce polska publikacja \u201eFizyka dla szk\u00f3\u0142 wy\u017cszych\u201d. Tytu\u0142 zyska\u0142 uznanie na polskich uczelniach i zosta\u0142 oficjalnym podr\u0119cznikiem g\u0142\u00f3wnym lub wspieraj\u0105cym w 24 szko\u0142ach wy\u017cszych w kraju. W trakcie wyst\u0105pienia przedstawiciel fundacji OpenStax Poland opowie, na czym polega korzystanie z ksi\u0105\u017cek na otwartej licencji. Przedstawi ciekawostki z ameryka\u0144skiego rynku wydawniczego oraz opowie o zaletach \u201eFizyki dla szk\u00f3\u0142 wy\u017cszych\u201d i dalszych planach wydawniczych fundacji.            <\/div>\n        <\/div>\n         <a href=\"http:\/\/1kbsw.p.lodz.pl\/wp-content\/uploads\/2019\/07\/2019-07-Szczucinska.pdf\" target=\"_blank\" rel=\"noopener noreferrer\">prezentacja (pdf)<\/a><\/p>\n<hr \/>\n<p><a name=\"wierzbicka\"><\/a><br \/><img loading=\"lazy\" decoding=\"async\" class=\"alignnone  wp-image-2350\" src=\"http:\/\/1kbsw.p.lodz.pl\/wp-content\/uploads\/2019\/04\/Wierzbicka-Prochniak.png\" alt=\"\" width=\"200\" height=\"200\" \/><br \/><strong>Dorota Wierzbicka-Pr\u00f3chniak<\/strong><br \/>Uniwersytet Opolski &#8211; Biblioteka G\u0142\u00f3wna<br \/>Biogram         <div class=\"rmwr-wrapper\" \n             data-id=\"rmwr-69f31dfd889d7\"\n             data-mode=\"normal\"\n             data-animation=\"fade\"\n             data-duration=\"300\"\n             data-smooth-scroll=\"true\"\n             data-scroll-offset=\"0\">\n            <button \n                type=\"button\"\n                class=\"read-link\" \n                id=\"readlinkrmwr-69f31dfd889d7\"\n                data-open-text=\"Wi\u0119cej\"\n                data-close-text=\"Mniej\"\n                aria-expanded=\"false\"\n                aria-controls=\"readrmwr-69f31dfd889d7\"\n                aria-label=\"Wi\u0119cej\"\n            >\n                <span class=\"rmwr-text\">Wi\u0119cej<\/span>\n            <\/button>\n            <div \n                class=\"read_div\" \n                id=\"readrmwr-69f31dfd889d7\"\n                aria-hidden=\"true\"\n                data-animation=\"fade\"\n                data-duration=\"300\"\n                style=\"display: none;\"\n            >\n                Starszy bibliotekarz. Uko\u0144czy\u0142a informacj\u0119 naukow\u0105 i bibliotekoznawstwo na Uniwersytecie Jagiello\u0144skim oraz Studium Pedagogiczne UJ. Obecnie pracuje na stanowisku specjalisty ds. \u017ar\u00f3de\u0142 elektronicznych w Bibliotece G\u0142\u00f3wnej Uniwersytetu Opolskiego. Skarbnik Ko\u0142a Bibliotek Naukowych w Opolu przy Zarz\u0105dzie Okr\u0119gu Stowarzyszenia Bibliotekarzy Polskich w Opolu. Zainteresowania zawodowo-naukowe: elektroniczne \u017ar\u00f3d\u0142a informacji, u\u017cytkownicy informacji cyfrowej, Open Access, repozytoria.            <\/div>\n        <\/div>\n        <\/p>\n<p><img loading=\"lazy\" decoding=\"async\" class=\"alignnone  wp-image-2349\" src=\"http:\/\/1kbsw.p.lodz.pl\/wp-content\/uploads\/2019\/04\/Szewczyk-Klos.png\" alt=\"\" width=\"200\" height=\"200\" \/><br \/><strong>Danuta Szewczyk-K\u0142os<\/strong><br \/>Uniwersytet Opolski &#8211; Biblioteka G\u0142\u00f3wna<br \/>Biogram         <div class=\"rmwr-wrapper\" \n             data-id=\"rmwr-69f31dfd889f8\"\n             data-mode=\"normal\"\n             data-animation=\"fade\"\n             data-duration=\"300\"\n             data-smooth-scroll=\"true\"\n             data-scroll-offset=\"0\">\n            <button \n                type=\"button\"\n                class=\"read-link\" \n                id=\"readlinkrmwr-69f31dfd889f8\"\n                data-open-text=\"Wi\u0119cej\"\n                data-close-text=\"Mniej\"\n                aria-expanded=\"false\"\n                aria-controls=\"readrmwr-69f31dfd889f8\"\n                aria-label=\"Wi\u0119cej\"\n            >\n                <span class=\"rmwr-text\">Wi\u0119cej<\/span>\n            <\/button>\n            <div \n                class=\"read_div\" \n                id=\"readrmwr-69f31dfd889f8\"\n                aria-hidden=\"true\"\n                data-animation=\"fade\"\n                data-duration=\"300\"\n                style=\"display: none;\"\n            >\n                Absolwentka filologii polskiej w Wy\u017cszej Szkole Pedagogicznej w Opolu, studi\u00f3w podyplomowych z bibliotekoznawstwa i informacji naukowej na Uniwersytecie Wroc\u0142awskim oraz studi\u00f3w podyplomowych z zakresu zarz\u0105dzania zasobami ludzkimi w Wy\u017cszej Szkole Bankowej we Wroc\u0142awiu. Cz\u0142onek zespo\u0142u ekspert\u00f3w SBP do akredytacji us\u0142ug szkoleniowych dla bran\u017cy bibliotekarskiej. Uczestniczka projektu Ministerstwa Pracy i Polityki Spo\u0142ecznej pn. \u201eRozwijanie zbioru krajowych standard\u00f3w kompetencji zawodowych wymaganych przez pracodawc\u00f3w, Specjalista informacji naukowej, technicznej i ekonomicznej.\u201d Sekretarz Rady Wykonawczej Konferencji Dyrektor\u00f3w Bibliotek Akademickich Szk\u00f3\u0142 Polskich. Zainteresowania zawodowe dotycz\u0105 zarz\u0105dzania wiedz\u0105 i informacj\u0105 naukow\u0105, organizacji dost\u0119pu do zbior\u00f3w elektronicznych oraz kszta\u0142cenia u\u017cytkownik\u00f3w informacji naukowej w bibliotekach akademickich.             <\/div>\n        <\/div>\n         Komunikat: <strong>Platforma czasopism Uniwersytetu Opolskiego \u2013 przyk\u0142adem synergii w budowaniu otwartego dost\u0119pu do publikacji uczelnianych<\/strong>         <div class=\"rmwr-wrapper\" \n             data-id=\"rmwr-69f31dfd88a1b\"\n             data-mode=\"normal\"\n             data-animation=\"fade\"\n             data-duration=\"300\"\n             data-smooth-scroll=\"true\"\n             data-scroll-offset=\"0\">\n            <button \n                type=\"button\"\n                class=\"read-link\" \n                id=\"readlinkrmwr-69f31dfd88a1b\"\n                data-open-text=\"Wi\u0119cej\"\n                data-close-text=\"Mniej\"\n                aria-expanded=\"false\"\n                aria-controls=\"readrmwr-69f31dfd88a1b\"\n                aria-label=\"Wi\u0119cej\"\n            >\n                <span class=\"rmwr-text\">Wi\u0119cej<\/span>\n            <\/button>\n            <div \n                class=\"read_div\" \n                id=\"readrmwr-69f31dfd88a1b\"\n                aria-hidden=\"true\"\n                data-animation=\"fade\"\n                data-duration=\"300\"\n                style=\"display: none;\"\n            >\n                Narodowe Centrum Nauki we wrze\u015bniu 2018 r. zadeklarowa\u0142o udzia\u0142 w realizacji Panu S, kt\u00f3ry przewiduje, \u017ce od 1 stycznia 2020 r. wszystkie publikacje naukowe powsta\u0142e w wyniku finansowania ze \u015brodk\u00f3w publicznych musz\u0105 by\u0107 publikowane w czasopismach lub na platformach Open Access. Na Uniwersytecie Opolskim trwa\u0142y ju\u017c prace nad uruchomieniem platformy, kt\u00f3ra zapewni\u0142aby otwarty dost\u0119p do uczelnianych czasopism naukowych. Docelowo posadowiono na niej 13 tytu\u0142\u00f3w. Zadanie to powierzono do realizacji Bibliotece G\u0142\u00f3wnej UO. Jest to kolejna forma, po repozytorium uczelnianym, aktywnego uczestnictwa biblioteki w realizowaniu polityki otwartego dost\u0119pu na opolskiej Alma Mater. Platform\u0119 uruchomiono w listopadzie 2018 r., ale prace zwi\u0105zane z jej utworzeniem nie zosta\u0142y jeszcze zako\u0144czone. Celem artyku\u0142u jest przedstawienie etap\u00f3w budowy platformy przy udziale redakcji czasopism, wydawnictw uczelnianych, Centrum Informatycznego, firmy zewn\u0119trznej oraz zespo\u0142u pracownik\u00f3w Biblioteki. Stanowi on te\u017c om\u00f3wienie zakresu prac, kt\u00f3re b\u0119d\u0105 realizowane przez uczestnik\u00f3w projektu, tak aby zapewni\u0107 p\u0142ynne funkcjonowanie platformy i wysoki poziom widoczno\u015bci zasob\u00f3w w bazach indeksuj\u0105cych tre\u015bci naukowe.            <\/div>\n        <\/div>\n         <a href=\"http:\/\/1kbsw.p.lodz.pl\/wp-content\/uploads\/2019\/07\/2019-07-Klos_Wierzbicka.pdf\" target=\"_blank\" rel=\"noopener noreferrer\">prezentacja (pdf)<\/a><\/p>\n<hr \/>\n<p><a name=\"wolanska\"><\/a><br \/><img loading=\"lazy\" decoding=\"async\" class=\"alignnone  wp-image-2023\" src=\"http:\/\/1kbsw.p.lodz.pl\/wp-content\/uploads\/2019\/05\/Wolanska-1.png\" alt=\"\" width=\"200\" height=\"200\" \/><br \/><strong>Agnieszka Wola\u0144ska<\/strong><br \/>Biblioteka Centrum Studi\u00f3w Niemieckich i Europejskich im. Willy\u2019ego Brandta Uniwersytetu Wroc\u0142awskiego Biogram         <div class=\"rmwr-wrapper\" \n             data-id=\"rmwr-69f31dfd88a3b\"\n             data-mode=\"normal\"\n             data-animation=\"fade\"\n             data-duration=\"300\"\n             data-smooth-scroll=\"true\"\n             data-scroll-offset=\"0\">\n            <button \n                type=\"button\"\n                class=\"read-link\" \n                id=\"readlinkrmwr-69f31dfd88a3b\"\n                data-open-text=\"Wi\u0119cej\"\n                data-close-text=\"Mniej\"\n                aria-expanded=\"false\"\n                aria-controls=\"readrmwr-69f31dfd88a3b\"\n                aria-label=\"Wi\u0119cej\"\n            >\n                <span class=\"rmwr-text\">Wi\u0119cej<\/span>\n            <\/button>\n            <div \n                class=\"read_div\" \n                id=\"readrmwr-69f31dfd88a3b\"\n                aria-hidden=\"true\"\n                data-animation=\"fade\"\n                data-duration=\"300\"\n                style=\"display: none;\"\n            >\n                 Kustosz dyplomowany w Bibliotece Centrum Studi\u00f3w Niemieckich i Europejskich im.Willy\u2019ego Brandta Uniwersytetu Wroc\u0142awskiego. Absolwentka Instytutu Bibliotekoznawstwa i Informacji Naukowej Uniwersytetu Wroc\u0142awskiego, specjalizacja Elektroniczne Serwisy Informacyjne. Od 2018 roku cz\u0142onkini Stowarzyszenia Ebib i wsp\u00f3\u0142redaktorka Biuletynu Ebib.            <\/div>\n        <\/div>\n         <strong>Zachowania informacyjne u\u017cytkownika w e-bibliotecznym ekosystemie. Szanse, zagro\u017cenia, a mo\u017ce zupe\u0142nie nowy horyzont?<\/strong>         <div class=\"rmwr-wrapper\" \n             data-id=\"rmwr-69f31dfd88a68\"\n             data-mode=\"normal\"\n             data-animation=\"fade\"\n             data-duration=\"300\"\n             data-smooth-scroll=\"true\"\n             data-scroll-offset=\"0\">\n            <button \n                type=\"button\"\n                class=\"read-link\" \n                id=\"readlinkrmwr-69f31dfd88a68\"\n                data-open-text=\"Wi\u0119cej\"\n                data-close-text=\"Mniej\"\n                aria-expanded=\"false\"\n                aria-controls=\"readrmwr-69f31dfd88a68\"\n                aria-label=\"Wi\u0119cej\"\n            >\n                <span class=\"rmwr-text\">Wi\u0119cej<\/span>\n            <\/button>\n            <div \n                class=\"read_div\" \n                id=\"readrmwr-69f31dfd88a68\"\n                aria-hidden=\"true\"\n                data-animation=\"fade\"\n                data-duration=\"300\"\n                style=\"display: none;\"\n            >\n                 Internet bez w\u0105tpienia zmieni\u0142 spos\u00f3b, w jaki u\u017cytkownicy bibliotek korzystaj\u0105 obecnie z ich zasob\u00f3w. Wirtualna rzeczywisto\u015b\u0107 spowodowa\u0142a znacz\u0105ce transformacje w zachowaniach informacyjnych. Dzi\u015b nie ma ju\u017c w\u0105tpliwo\u015bci, \u017ce nasza praktycznie nieustanna obecno\u015b\u0107 w sieci ma ogromny wp\u0142yw na spos\u00f3b w jaki my\u015blimy i dzia\u0142amy.<br \/>Konieczne jest zatem przeformu\u0142owanie naszych za\u0142o\u017ce\u0144 dotycz\u0105cych poruszania si\u0119 u\u017cytkownik\u00f3w w \u015brodowisku bibliotecznych us\u0142ug elektronicznych. Jest to mo\u017cliwe jedynie poprzez w\u0142a\u015bciwe rozpoznanie ich potrzeb i intencji, przy pomocy zupe\u0142nie nowych technik wykorzystuj\u0105cych zar\u00f3wno mo\u017cliwo\u015bci sieci, jak i interakcj\u0119 z u\u017cytkownikiem w \u015bwiecie rzeczywistym.<br \/>Referat przedstawia przyk\u0142ady takich bada\u0144 w bibliotekach akademickich, a tak\u017ce stawia pytania o szanse i mo\u017cliwo\u015bci zrozumienia u\u017cytkownika w stopniu umo\u017cliwiaj\u0105cym nam, bibliotekarzom, komunikacj\u0119 z nim na p\u0142aszczy\u017anie przysz\u0142ych us\u0142ug.             <\/div>\n        <\/div>\n         <a href=\"http:\/\/1kbsw.p.lodz.pl\/wp-content\/uploads\/2019\/07\/2019-06-Wolanska.pdf\" target=\"_blank\" rel=\"noopener noreferrer\">prezentacja (pdf)<\/a><\/p>\n<hr \/>\n<p><a name=\"wysmyk\"><\/a><br \/><img loading=\"lazy\" decoding=\"async\" class=\"alignnone  wp-image-2023\" src=\"http:\/\/1kbsw.p.lodz.pl\/wp-content\/uploads\/2019\/03\/Wysmyk.png\" alt=\"\" width=\"200\" height=\"200\" \/><br \/><strong>Natalia Wysmyk<\/strong><br \/>Biblioteka Politechniki Gda\u0144skiej<br \/>Biogram         <div class=\"rmwr-wrapper\" \n             data-id=\"rmwr-69f31dfd88a8c\"\n             data-mode=\"normal\"\n             data-animation=\"fade\"\n             data-duration=\"300\"\n             data-smooth-scroll=\"true\"\n             data-scroll-offset=\"0\">\n            <button \n                type=\"button\"\n                class=\"read-link\" \n                id=\"readlinkrmwr-69f31dfd88a8c\"\n                data-open-text=\"Wi\u0119cej\"\n                data-close-text=\"Mniej\"\n                aria-expanded=\"false\"\n                aria-controls=\"readrmwr-69f31dfd88a8c\"\n                aria-label=\"Wi\u0119cej\"\n            >\n                <span class=\"rmwr-text\">Wi\u0119cej<\/span>\n            <\/button>\n            <div \n                class=\"read_div\" \n                id=\"readrmwr-69f31dfd88a8c\"\n                aria-hidden=\"true\"\n                data-animation=\"fade\"\n                data-duration=\"300\"\n                style=\"display: none;\"\n            >\n                 Absolwentka Wydzia\u0142u Historycznego Uniwersytetu Gda\u0144skiego. S\u0142uchaczka podyplomowego studium Infobrokering na Wydziale Zarz\u0105dzania i Komunikacji Spo\u0142ecznej Uniwersytetu Jagiello\u0144skiego. Cz\u0142onkini zarz\u0105du Gda\u0144skiego Oddzia\u0142u Stowarzyszenia Bibliotekarzy Polskich. Uczestniczka zagranicznych szkole\u0144 m.in. w bibliotekach Uniwersytetu w Helsinkach, Trinity College w Dublinie. Od 2014 r. kieruje Sekcj\u0105 Gromadzenia i Opracowania Zbior\u00f3w Tradycyjnych w Bibliotece Politechniki Gda\u0144skiej. Obecnie zajmuje si\u0119 tematyk\u0105 zwi\u0105zan\u0105 z publikowaniem ksi\u0105\u017cek naukowych w modelu Open Access oraz zarz\u0105dzaniem kolekcjami w bibliotekach naukowych.             <\/div>\n        <\/div>\n         <strong>Monografie naukowe: w poszukiwaniu otwarto\u015bci<\/strong>         <div class=\"rmwr-wrapper\" \n             data-id=\"rmwr-69f31dfd88ab5\"\n             data-mode=\"normal\"\n             data-animation=\"fade\"\n             data-duration=\"300\"\n             data-smooth-scroll=\"true\"\n             data-scroll-offset=\"0\">\n            <button \n                type=\"button\"\n                class=\"read-link\" \n                id=\"readlinkrmwr-69f31dfd88ab5\"\n                data-open-text=\"Wi\u0119cej\"\n                data-close-text=\"Mniej\"\n                aria-expanded=\"false\"\n                aria-controls=\"readrmwr-69f31dfd88ab5\"\n                aria-label=\"Wi\u0119cej\"\n            >\n                <span class=\"rmwr-text\">Wi\u0119cej<\/span>\n            <\/button>\n            <div \n                class=\"read_div\" \n                id=\"readrmwr-69f31dfd88ab5\"\n                aria-hidden=\"true\"\n                data-animation=\"fade\"\n                data-duration=\"300\"\n                style=\"display: none;\"\n            >\n                 W ostatnich miesi\u0105cach debata na temat otwartego dost\u0119pu do publikacji naukowych rozgorza\u0142a z now\u0105 si\u0142\u0105 \u2013 za spraw\u0105 og\u0142oszonego we wrze\u015bniu 2018 roku Planu S. Nowe zasady, precyzyjnie uj\u0119te w dziesi\u0119ciu punktach, s\u0105 szans\u0105 dla Europy na zmian\u0119 komunikacji naukowej oraz wypracowanie przejrzystych procedur edukacyjnych i badawczych. Wytyczne Planu S dotycz\u0105 rozszerzania otwartego dost\u0119pu do r\u00f3\u017cnego typu publikacji, r\u00f3wnie\u017c do monografii naukowych, kt\u00f3re s\u0105 cz\u0119sto najskuteczniejszym sposobem prezentacji bada\u0144 w naukach spo\u0142ecznych i humanistycznych. Celem wyst\u0105pienia b\u0119dzie pr\u00f3ba odpowiedzi na pytanie, czy proponowane w Planie S rozwi\u0105zania pozwol\u0105 w przysz\u0142o\u015bci na swobodne otwieranie dost\u0119pu r\u00f3wnie\u017c do monografii.<br \/>W referacie zostan\u0105 zaprezentowane zagadnienia zwi\u0105zane z finansowaniem, licencjonowaniem oraz samoarchiwizowaniem monografii udost\u0119pnianych w otwartym dost\u0119pie. Niech dyskusja na temat kluczowych aspekt\u00f3w otwartej nauki b\u0119dzie okazj\u0105 do rozpocz\u0119cia konstruktywnego dialogu na temat tego, w jaki spos\u00f3b publikowa\u0107 monografie w Open Access. W momencie wdra\u017cania Planu S w Polsce \u015brodowisko bibliotekarskie powinno by\u0107 gotowe na to, aby wnie\u015b\u0107 sw\u00f3j wk\u0142ad w dalsze dyskusje zwi\u0105zane z rozszerzaniem otwartego dost\u0119pu do publikacji naukowych, w tym r\u00f3wnie\u017c do monografii.             <\/div>\n        <\/div>\n         <a href=\"http:\/\/1kbsw.p.lodz.pl\/wp-content\/uploads\/2019\/07\/2019-07-Wysmyk.pdf\" target=\"_blank\" rel=\"noopener noreferrer\">prezentacja (pdf)<\/a><\/p>\n<hr \/>\n<p><em>Aktualizacja:\u00a0 21.07.2019<\/em><\/p>\n\n\n<p><\/p>\n","protected":false},"excerpt":{"rendered":"<p>\t\t\t\t<![CDATA[]]>\t\t<\/p>\n","protected":false},"author":3,"featured_media":0,"parent":357,"menu_order":0,"comment_status":"closed","ping_status":"closed","template":"","meta":{"footnotes":""},"class_list":["post-860","page","type-page","status-publish","hentry"],"_links":{"self":[{"href":"https:\/\/1kbsw.p.lodz.pl\/index.php?rest_route=\/wp\/v2\/pages\/860","targetHints":{"allow":["GET"]}}],"collection":[{"href":"https:\/\/1kbsw.p.lodz.pl\/index.php?rest_route=\/wp\/v2\/pages"}],"about":[{"href":"https:\/\/1kbsw.p.lodz.pl\/index.php?rest_route=\/wp\/v2\/types\/page"}],"author":[{"embeddable":true,"href":"https:\/\/1kbsw.p.lodz.pl\/index.php?rest_route=\/wp\/v2\/users\/3"}],"replies":[{"embeddable":true,"href":"https:\/\/1kbsw.p.lodz.pl\/index.php?rest_route=%2Fwp%2Fv2%2Fcomments&post=860"}],"version-history":[{"count":111,"href":"https:\/\/1kbsw.p.lodz.pl\/index.php?rest_route=\/wp\/v2\/pages\/860\/revisions"}],"predecessor-version":[{"id":3307,"href":"https:\/\/1kbsw.p.lodz.pl\/index.php?rest_route=\/wp\/v2\/pages\/860\/revisions\/3307"}],"up":[{"embeddable":true,"href":"https:\/\/1kbsw.p.lodz.pl\/index.php?rest_route=\/wp\/v2\/pages\/357"}],"wp:attachment":[{"href":"https:\/\/1kbsw.p.lodz.pl\/index.php?rest_route=%2Fwp%2Fv2%2Fmedia&parent=860"}],"curies":[{"name":"wp","href":"https:\/\/api.w.org\/{rel}","templated":true}]}}